{"id":115,"date":"2008-06-30T15:56:34","date_gmt":"2008-06-30T13:56:34","guid":{"rendered":"http:\/\/www.baglyasalja.hu\/baglyas\/?page_id=115"},"modified":"2013-07-20T08:55:49","modified_gmt":"2013-07-20T06:55:49","slug":"baglyasi-szemelyek","status":"publish","type":"page","link":"https:\/\/www.baglyasalja.hu\/baglyas\/?page_id=115","title":{"rendered":"Baglyasi szem\u00e9lyek"},"content":{"rendered":"<p>&nbsp;<\/p>\n<p>&nbsp;<\/p>\n<p align=\"center\"><b><span style=\"font-size: x-large;\">Baglyasi szem\u00e9lyek<\/span><\/b><\/p>\n<table class=\"MsoTableGrid\" id=\"table1\" style=\"border-width: 0pt; border-collapse: collapse;\" border=\"0\" cellpadding=\"0\">\n<tbody>\n<tr>\n<td style=\"padding: 0cm 5.4pt; width: 164px;\" valign=\"top\">\n<p class=\"MsoNormal\"><span style=\"font-weight: bold;\"> <span style=\"font-size: large;\">Angyal Lajos<\/span><\/span><\/p>\n<\/td>\n<td style=\"padding: 0cm 5.4pt; width: 464px;\" valign=\"top\">\n<p class=\"MsoNormal\"><span style=\"font-size: large;\">keresked\u0151 volt. N\u00e1d\u00fajfaluban sz\u00fcletett 1891-ben. A Salg\u00f3tarj\u00e1ni \u00dcveggy\u00e1rban \u00fcvegf\u00fav\u00f3k\u00e9nt dolgozott, majd a b\u00e1ny\u00e1n\u00e1l alkalmazt\u00e1k, mint g\u00e9pkezel\u0151t. Azt\u00e1n \u00f6n\u00e1ll\u00f3 keresked\u0151 lett, kis szat\u00f3cs \u00fczletet nyitott Baglyasalj\u00e1n.<\/span><\/p>\n<\/td>\n<\/tr>\n<tr>\n<td style=\"padding: 0cm 5.4pt; width: 164px;\" valign=\"top\">\n<p class=\"MsoNormal\"><span style=\"font-weight: bold;\"> <span style=\"font-size: large;\">\u00a0<\/span><\/span><\/p>\n<\/td>\n<td style=\"padding: 0cm 5.4pt; width: 464px;\" valign=\"top\">\n<p class=\"MsoNormal\"><span style=\"font-size: large;\">\u00a0<\/span><\/p>\n<\/td>\n<\/tr>\n<tr>\n<td style=\"padding: 0cm 5.4pt; width: 164px;\" valign=\"top\">\n<p class=\"MsoNormal\"><span style=\"font-weight: bold;\"> <span style=\"font-size: large;\">B\u00e9k\u00e9si Gyul\u00e1nn\u00e9, And\u00f3 Gyurka Erzs\u00e9bet<\/span><\/span><\/p>\n<\/td>\n<td style=\"padding: 0cm 5.4pt; width: 464px;\" valign=\"top\">\n<p class=\"MsoNormal\"><span style=\"font-size: large;\">Baglyasalj\u00e1n k\u00f6zs\u00e9gi sz\u00fcl\u00e9szn\u0151 volt. A Hirsch-f\u00e9le vasgy\u00e1rban kezdett el dolgozni. K\u00e9s\u0151bb elv\u00e9gezte a szeksz\u00e1rdi b\u00e1bak\u00e9pz\u0151 iskol\u00e1t \u00e9s ezut\u00e1n 6 \u00e9vig a baglyasaljai b\u00e1nyak\u00f3r\u00adh\u00e1zban volt \u00e1pol\u00f3n\u0151. Szolnokon tov\u00e1bbk\u00e9pz\u0151 tanfolyamon vett r\u00e9szt \u00e9s 1934-ben k\u00f6zs\u00e9gi sz\u00fcl\u00e9szn\u0151nek v\u00e1lasztotta meg a helyi k\u00e9pvisel\u0151test\u00fclet.<\/span><\/p>\n<\/td>\n<\/tr>\n<tr>\n<td style=\"padding: 0cm 5.4pt; width: 164px;\" valign=\"top\">\n<p class=\"MsoNormal\"><span style=\"font-weight: bold;\"> <span style=\"font-size: large;\">\u00a0<\/span><\/span><\/p>\n<\/td>\n<td style=\"padding: 0cm 5.4pt; width: 464px;\" valign=\"top\">\n<p class=\"MsoNormal\"><span style=\"font-size: large;\">\u00a0<\/span><\/p>\n<\/td>\n<\/tr>\n<tr>\n<td style=\"padding: 0cm 5.4pt; width: 164px;\" valign=\"top\">\n<p class=\"MsoNormal\"><span style=\"font-weight: bold;\"> <span style=\"font-size: large;\">Bor P\u00e1l<\/span><\/span><\/p>\n<\/td>\n<td style=\"padding: 0cm 5.4pt; width: 464px;\" valign=\"top\">\n<p class=\"MsoNormal\"><span style=\"font-size: large;\">k\u00f6rjegyz\u0151 volt, 1883-ban sz\u00fcletett Debrecenben. Ott v\u00e9gezte a jegyz\u0151i tanfolyamot is, oklevel\u00e9t 1905-ben szerezte. Dolgozott Balmaz\u00fajv\u00e1rosban, majd Kistereny\u00e9n \u00e9s innen Zagyvap\u00e1lfalv\u00e1ra ker\u00fclt aljegyz\u0151nek 1907-ben. Somosk\u0151\u00fajfaluban vezet\u0151 jegyz\u0151nek v\u00e1lasztott\u00e1k 1910-ben \u00e9s innen j\u00f6tt Zagyvap\u00e1lfalv\u00e1ra 1918-ban. A k\u00f6zigazgat\u00e1silag Zagyvap\u00e1lfalv\u00e1hoz tartoz\u00f3 Baglyasalj\u00e1n is \u0151 l\u00e1tta el a jegyz\u00f6i munk\u00e1t.<\/span><\/p>\n<\/td>\n<\/tr>\n<tr>\n<td style=\"padding: 0cm 5.4pt; width: 164px;\" valign=\"top\">\n<p class=\"MsoNormal\"><span style=\"font-weight: bold;\"> <span style=\"font-size: large;\">\u00a0<\/span><\/span><\/p>\n<\/td>\n<td style=\"padding: 0cm 5.4pt; width: 464px;\" valign=\"top\">\n<p class=\"MsoNormal\"><span style=\"font-size: large;\">\u00a0<\/span><\/p>\n<\/td>\n<\/tr>\n<tr>\n<td style=\"padding: 0cm 5.4pt; width: 164px;\" valign=\"top\">\n<p class=\"MsoNormal\"><span style=\"font-weight: bold;\"> <span style=\"font-size: large;\">Cs\u00e1sz\u00e1r P\u00e1l<\/span><\/span><\/p>\n<\/td>\n<td style=\"padding: 0cm 5.4pt; width: 464px;\" valign=\"top\">\n<p class=\"MsoNormal\"><span style=\"font-size: large;\">b\u00e1nyai f\u0151m\u00e9rn\u00f6k, Zalaegerszegen sz\u00fcletett 1892-ben. A b\u00e1ny\u00e1szati f\u0151iskol\u00e1t Selmecb\u00e1ny\u00e1n v\u00e9gezte \u00e9s 1920-tol Baglyasalj\u00e1n dolgozott. F\u0151m\u00e9rn\u00f6knek 1923-ban nevezt\u00e9k ki. R\u00e9szt vett a k\u00f6zs\u00e9gi k\u00e9pvisel\u0151test\u00fclet munk\u00e1j\u00e1ban, eln\u00f6ke volt a Tiszti Kaszin\u00f3nak, a helyi l\u00f6v\u00e9sz\u00adegyletnek \u00e9s d\u00edszeln\u00f6ke a Munk\u00e1s Olvas\u00f3 K\u00f6rnek.<\/span><\/p>\n<\/td>\n<\/tr>\n<tr>\n<td style=\"padding: 0cm 5.4pt; width: 164px;\" valign=\"top\">\n<p class=\"MsoNormal\"><span style=\"font-weight: bold;\"> <span style=\"font-size: large;\">\u00a0<\/span><\/span><\/p>\n<\/td>\n<td style=\"padding: 0cm 5.4pt; width: 464px;\" valign=\"top\">\n<p class=\"MsoNormal\"><span style=\"font-size: large;\">\u00a0<\/span><\/p>\n<\/td>\n<\/tr>\n<tr>\n<td style=\"padding: 0cm 5.4pt; width: 164px;\" valign=\"top\">\n<p class=\"MsoNormal\"><span style=\"font-weight: bold;\"> <span style=\"font-size: large;\">Id. Cserh\u00e1ti J\u00f3zsef<\/span><\/span><\/p>\n<\/td>\n<td style=\"padding: 0cm 5.4pt; width: 464px;\" valign=\"top\">\n<p class=\"MsoNormal\"><span style=\"font-size: large;\">1912-ben sz\u00fcletett Etes-Am\u00e1li\u00e1n. \u00c9desapja b\u00e1ny\u00e1sz volt, \u0151 pedig a tehets\u00e9ges b\u00e1ny\u00e1szgyerekeket t\u00e1mogat\u00f3 R\u00f3th Fl\u00f3ris Alap\u00edtv\u00e1ny \u00f6szt\u00f6nd\u00edj\u00e1val 1933-ban v\u00e9gzett a Budai Tan\u00edt\u00f3k\u00e9pz\u0151ben. Tan\u00edtott Kistereny\u00e9n, R\u00f3nab\u00e1ny\u00e1n, 1945-t\u0151l pedig Baglyasalj\u00e1n, ahol 1960-t\u00f3l az \u00e1ltal\u00e1nos iskola igazgat\u00f3ja volt. K\u00f6zben vezette a salg\u00f3tarj\u00e1ni j\u00e1r\u00e1s, majd a N\u00f3gr\u00e1d Megyei Tan\u00e1cs oktat\u00e1si oszt\u00e1ly\u00e1t. 1986-ban hunyt el.<\/span><\/p>\n<\/td>\n<\/tr>\n<tr>\n<td style=\"padding: 0cm 5.4pt; width: 164px;\" valign=\"top\">\n<p class=\"MsoNormal\"><span style=\"font-weight: bold;\"> <span style=\"font-size: large;\">\u00a0<\/span><\/span><\/p>\n<\/td>\n<td style=\"padding: 0cm 5.4pt; width: 464px;\" valign=\"top\">\n<p class=\"MsoNormal\"><span style=\"font-size: large;\">\u00a0<\/span><\/p>\n<\/td>\n<\/tr>\n<tr>\n<td style=\"padding: 0cm 5.4pt; width: 164px;\" valign=\"top\">\n<p class=\"MsoNormal\"><span style=\"font-weight: bold;\"> <span style=\"font-size: large;\">Dubovszky Elem\u00e9r<\/span><\/span><\/p>\n<\/td>\n<td style=\"padding: 0cm 5.4pt; width: 464px;\" valign=\"top\">\n<p class=\"MsoNormal\"><span style=\"font-size: large;\">b\u00e1nyaigazgat\u00f3, okleveles b\u00e1nyam\u00e9rn\u00f6k. Sz\u00e9kesfeh\u00e9rv\u00e1ron sz\u00fcletett 7884-ben. B\u00e1ny\u00e1szati \u00e9s erd\u00e9szeti f\u0151iskol\u00e1t v\u00e9gzett Selmecb\u00e1ny\u00e1n, a Salg\u00f3tarj\u00e1ni K\u0151sz\u00e9nb\u00e1nya RT szolg\u00e1lat\u00e1ba 1906-ban l\u00e9pett. El\u0151tte Petrozs\u00e9nyben dolgozott, majd a borsodi b\u00e1ny\u00e1khoz ker\u00fclt \u00e9s 1920-t\u00f3l Baglyasalj\u00e1n tev\u00e9kenykedett. B\u00e1nyaigazgat\u00f3 1922-ben lett. Tagja volt a k\u00f6zs\u00e9g k\u00e9pvisel\u0151test\u00fclet\u00e9nek, vil\u00e1gi eln\u00f6ke az egyh\u00e1zk\u00f6zs\u00e9gnek \u00e9s d\u00edszeln\u00f6ke a Tiszti Kaszin\u00f3nak. \u0150 volt az eln\u00f6ke a Nemzeti Egys\u00e9gp\u00e1rtnak is.<\/span><\/p>\n<\/td>\n<\/tr>\n<tr>\n<td style=\"padding: 0cm 5.4pt; width: 164px;\" valign=\"top\">\n<p class=\"MsoNormal\"><span style=\"font-weight: bold;\"> <span style=\"font-size: large;\">\u00a0<\/span><\/span><\/p>\n<\/td>\n<td style=\"padding: 0cm 5.4pt; width: 464px;\" valign=\"top\">\n<p class=\"MsoNormal\"><span style=\"font-size: large;\">\u00a0<\/span><\/p>\n<\/td>\n<\/tr>\n<tr>\n<td style=\"padding: 0cm 5.4pt; width: 164px;\" valign=\"top\">\n<p class=\"MsoNormal\"><span style=\"font-weight: bold;\"> <span style=\"font-size: large;\">Eppich Albert<\/span><\/span><\/p>\n<\/td>\n<td style=\"padding: 0cm 5.4pt; width: 464px;\" valign=\"top\">\n<p class=\"MsoNormal\"><span style=\"font-size: large;\">b\u00e1ny\u00e1sz, Baglyasalj\u00e1n sz\u00fcletett 1902-ben. Kor\u00e1n \u00e1rvas\u00e1gra jutott, s Tatab\u00e1ny\u00e1n a b\u00e1ny\u00e1n\u00e1l kapott munk\u00e1t nagyb\u00e1tyja seg\u00edts\u00e9g\u00e9vel. R\u00e9szt vett a Tan\u00e1csk\u00f6zt\u00e1rsas\u00e1g harcaiban, s ez\u00e9rt, valamint munk\u00e1smozgalmi tev\u00e9kenys\u00e9g\u00e9\u00e9rt Si\u00f3fokra,\u00a0 Hajm\u00e1sk\u00e9rre, majd Zalaegerszegre intern\u00e1lt\u00e1k, Kom\u00e1rom megy\u00e9b\u0151l is kitiltott\u00e1k. \u00cdgy ker\u00fclt visssza Baglyasalj\u00e1ra, s r\u00e9szt vett az MSZMP baglyasaljai szervezet\u00e9nek l\u00e9trehoz\u00e1s\u00e1ban, az 1926-os\u00e9s az 1929-es b\u00e1ny\u00e1szmegmozdul\u00e1sok szervez\u00e9s\u00e9ben. T\u00f6bbsz\u00f6r is letart\u00f3ztatt\u00e1k, 1932-t\u0151l Csehszlov\u00e1ki\u00e1ban \u00e9lt. Amikor hazat\u00e9rt, Buda\u00f6rs\u00f6n telepedett le. Vezet\u0151je volt a Pest Megyei K\u00f6z\u00e9lelmez\u00e9si Bizotts\u00e1gnak, a D\u00e9l-Budai \u00c1sv\u00e1nyb\u00e1ny\u00e1nak. Tev\u00e9kenys\u00e9g\u00e9\u00e9rt t\u00f6bb elismer\u00e9sben is r\u00e9szes\u00fclt, 1976-ban hunyt el.<\/span><\/p>\n<\/td>\n<\/tr>\n<tr>\n<td style=\"padding: 0cm 5.4pt; width: 164px;\" valign=\"top\">\n<p class=\"MsoNormal\"><span style=\"font-weight: bold;\"> <span style=\"font-size: large;\">\u00a0<\/span><\/span><\/p>\n<\/td>\n<td style=\"padding: 0cm 5.4pt; width: 464px;\" valign=\"top\">\n<p class=\"MsoNormal\"><span style=\"font-size: large;\">\u00a0<\/span><\/p>\n<\/td>\n<\/tr>\n<tr>\n<td style=\"padding: 0cm 5.4pt; width: 164px;\" valign=\"top\">\n<p class=\"MsoNormal\"><span style=\"font-weight: bold;\"> <span style=\"font-size: large;\">Fur\u00e1k Andr\u00e1s<\/span><\/span><\/p>\n<\/td>\n<td style=\"padding: 0cm 5.4pt; width: 464px;\" valign=\"top\">\n<p class=\"MsoNormal\"><span style=\"font-size: large;\">b\u00e1ny\u00e1sz, 1906-ban sz\u00fcletett Baglyasalj\u00e1n. Fiatalon bekapcsol\u00f3dott az illeg\u00e1lis kommunista p\u00e1rt munk\u00e1j\u00e1ba, r\u00e9szt vett az MSZMP baglyasaljai szervezet\u00e9nek l\u00e9trehoz\u00e1s\u00e1ban is. Kommunista te\u00adv\u00e9kenys\u00e9g\u00e9\u00e9rt 1929-ben a Budapesti \u00dcgy\u00e9szs\u00e9g v\u00e1dat emelt ellene- A b\u00f6rt\u00f6nb\u0151l 1930-ban szabadult, de 1932-ben \u00fajra letart\u00f3ztatt\u00e1k Baglyasalj\u00e1n. A fogs\u00e1gb\u00f3l megsz\u00f6k\u00f6tt, \u00e9s Csehszlov\u00e1ki\u00e1n \u00e1t a Szovjetuni\u00f3ba emigr\u00e1lt. Itt is hunyt el 1942-ben.<\/span><\/p>\n<\/td>\n<\/tr>\n<tr>\n<td style=\"padding: 0cm 5.4pt; width: 164px;\" valign=\"top\">\n<p class=\"MsoNormal\"><span style=\"font-weight: bold;\"> <span style=\"font-size: large;\">\u00a0<\/span><\/span><\/p>\n<\/td>\n<td style=\"padding: 0cm 5.4pt; width: 464px;\" valign=\"top\">\n<p class=\"MsoNormal\"><span style=\"font-size: large;\">\u00a0<\/span><\/p>\n<\/td>\n<\/tr>\n<tr>\n<td style=\"padding: 0cm 5.4pt; width: 164px;\" valign=\"top\">\n<p class=\"MsoNormal\"><span style=\"font-weight: bold;\"> <span style=\"font-size: large;\">Gyurcsik Mih\u00e1ly<\/span><\/span><\/p>\n<\/td>\n<td style=\"padding: 0cm 5.4pt; width: 464px;\" valign=\"top\">\n<p class=\"MsoNormal\"><span style=\"font-size: large;\">\u00a0gazd\u00e1lkod\u00f3, Baglyasalj\u00e1n sz\u00fcletett 1873-ban. A k\u00f6zs\u00e9g t\u00e1rsadalmi \u00e9let\u00e9nek sz\u00e1mottev\u0151 tagja, t\u00edz \u00e9ven \u00e1t &#8211; az els\u0151 vil\u00e1gh\u00e1bor\u00fas \u00e9vekben is, &#8211; a k\u0151ss\u00e9g b\u00edr\u00e1ja volt- Ut\u00f3dai boltot nyitottak Baglyasalj\u00e1n.<\/span><\/p>\n<\/td>\n<\/tr>\n<tr>\n<td style=\"padding: 0cm 5.4pt; width: 164px;\" valign=\"top\">\n<p class=\"MsoNormal\"><span style=\"font-weight: bold;\"> <span style=\"font-size: large;\">\u00a0<\/span><\/span><\/p>\n<\/td>\n<td style=\"padding: 0cm 5.4pt; width: 464px;\" valign=\"top\">\n<p class=\"MsoNormal\"><span style=\"font-size: large;\">\u00a0<\/span><\/p>\n<\/td>\n<\/tr>\n<tr>\n<td style=\"padding: 0cm 5.4pt; width: 164px;\" valign=\"top\">\n<p class=\"MsoNormal\"><span style=\"font-weight: bold;\"> <span style=\"font-size: large;\">Hov\u00e1n J\u00f3zsef<\/span><\/span><\/p>\n<\/td>\n<td style=\"padding: 0cm 5.4pt; width: 464px;\" valign=\"top\">\n<p class=\"MsoNormal\"><span style=\"font-size: large;\">\u00a0b\u00e1ny\u00e1sz, 1907-ben sz\u00fcletett Baglyasalj\u00e1n. Tagja volt az illeg\u00e1lis kommunista p\u00e1rt baglyasaljai szervezet\u00e9nek \u00e9s egyik szervez\u0151je az MSZMP helyi csoportj\u00e1nak. Ott volt a p\u00e1rt losonci konferenci\u00e1j\u00e1n 1928-ban \u00e9s 1930-ban a kommunista p\u00e1rt II. kongresszus\u00e1n a Moszkva melletti Aprilovk\u00e1ban. T\u00f6bbsz\u00f6r letart\u00f3ztatt\u00e1k, s a harmincas \u00e9vek ele\u00adj\u00e9n a Szovjetuni\u00f3ba t\u00e1vozott, ott is hunyt el 1938-ban.<\/span><\/p>\n<\/td>\n<\/tr>\n<tr>\n<td style=\"padding: 0cm 5.4pt; width: 164px;\" valign=\"top\">\n<p class=\"MsoNormal\"><span style=\"font-weight: bold;\"> <span style=\"font-size: large;\">\u00a0<\/span><\/span><\/p>\n<\/td>\n<td style=\"padding: 0cm 5.4pt; width: 464px;\" valign=\"top\">\n<p class=\"MsoNormal\"><span style=\"font-size: large;\">\u00a0<\/span><\/p>\n<\/td>\n<\/tr>\n<tr>\n<td style=\"padding: 0cm 5.4pt; width: 164px;\" valign=\"top\">\n<p class=\"MsoNormal\"><span style=\"font-weight: bold;\"> <span style=\"font-size: large;\">B\u00f3na Kov\u00e1cs K\u00e1roly<\/span><\/span><\/p>\n<\/td>\n<td style=\"padding: 0cm 5.4pt; width: 464px;\" valign=\"top\">\n<p class=\"MsoNormal\"><span style=\"font-size: large;\">fest\u0151- \u00e9s szobr\u00e1szm\u0171v\u00e9sz, Salg\u00f3tarj\u00e1nban sz\u00fcletett 1897-ben. K\u00e9pz\u0151m\u0171v\u00e9szeti f\u0151iskol\u00e1t v\u00e9gzett \u00e9s P\u00e1rizsban a Julian Akad\u00e9mia \u00f6szt\u00f6nd\u00edjasa volt. Salg\u00f3tarj\u00e1nban nev\u00e9hez f\u0171z\u0151dik a r\u00f3mai katolikus templom, Szent J\u00f3zsef \u00e9s M\u00e1ria olt\u00e1ra, a 25. losonci gyalogezred eml\u00e9kt\u00e1bl\u00e1ja, B\u00e1thori Istv\u00e1n szobra. Baglyasalj\u00e1n 6 k\u00e9sz\u00edtette a katolikus templom fresk\u00f3it \u00e9s fafarag\u00e1sait- Az 1940-es \u00e9vekben ker\u00fclt Baglyasalj\u00e1ra, tan\u00edtott az iskol\u00e1ban. A tehets\u00e9ges fiatalok t\u00e1mogat\u00e1s\u00e1ra 1946-ban l\u00e9trehozta a Munk\u00e1s M\u0171v\u00e9szeti Szabadiskol\u00e1t, amely 1949-t\u0151l hivatalosan is szabadiskol\u00e1v\u00e1 v\u00e1lt. Budapestez hunyt el 1970-ben. Ma az \u00e1ltal\u00e1nos iskola \u00e9s egy utca viseli nev\u00e9t a telep\u00fcl\u00e9sen.<\/span><\/p>\n<\/td>\n<\/tr>\n<tr>\n<td style=\"padding: 0cm 5.4pt; width: 164px;\" valign=\"top\">\n<p class=\"MsoNormal\"><span style=\"font-weight: bold;\"> <span style=\"font-size: large;\">\u00a0<\/span><\/span><\/p>\n<\/td>\n<td style=\"padding: 0cm 5.4pt; width: 464px;\" valign=\"top\">\n<p class=\"MsoNormal\"><span style=\"font-size: large;\">\u00a0<\/span><\/p>\n<\/td>\n<\/tr>\n<tr>\n<td style=\"padding: 0cm 5.4pt; width: 164px;\" valign=\"top\">\n<p class=\"MsoNormal\"><span style=\"font-weight: bold;\"> <span style=\"font-size: large;\">Krocs\u00e1k Matild \u00e9s Malvin<\/span><\/span><\/p>\n<\/td>\n<td style=\"padding: 0cm 5.4pt; width: 464px;\" valign=\"top\">\n<p class=\"MsoNormal\"><span style=\"font-size: large;\">f\u00f6ldbirtokosok voltak Dugdel-puszt\u00e1n. N\u00e9met nemesi csal\u00e1db\u00f3l sz\u00e1rmaztak \u00e9s k\u00f6zel 200 holdon belterjes gazd\u00e1l\u00adkod\u00e1st folytattak.<\/span><\/p>\n<\/td>\n<\/tr>\n<tr>\n<td style=\"padding: 0cm 5.4pt; width: 164px;\" valign=\"top\">\n<p class=\"MsoNormal\"><span style=\"font-weight: bold;\"> <span style=\"font-size: large;\">\u00a0<\/span><\/span><\/p>\n<\/td>\n<td style=\"padding: 0cm 5.4pt; width: 464px;\" valign=\"top\">\n<p class=\"MsoNormal\"><span style=\"font-size: large;\">\u00a0<\/span><\/p>\n<\/td>\n<\/tr>\n<tr>\n<td style=\"padding: 0cm 5.4pt; width: 164px;\" valign=\"top\">\n<p class=\"MsoNormal\"><span style=\"font-weight: bold;\"> <span style=\"font-size: large;\">Dr. Mart\u00edny K\u00e1roly<\/span><\/span><\/p>\n<\/td>\n<td style=\"padding: 0cm 5.4pt; width: 464px;\" valign=\"top\">\n<p class=\"MsoNormal\"><span style=\"font-size: large;\">vasokleveles g\u00e9p\u00e9szm\u00e9rn\u00f6k, a m\u0171szaki tudom\u00e1nyok kandid\u00e1tusa, Kossuth-d\u00edjas. Budapesten sz\u00fcletett 1891-ben, dolgozni N\u00fcrnbergben a MAN c\u00e9gn\u00e9l kezdett- Baglyasalj\u00e1ra 1920-ban ker\u00fclt, a g\u00e9p\u00e9szeti \u00fczemet ir\u00e1ny\u00edtotta. K\u00e9s\u0151bb, 1935-t\u0151i a Salg\u00f3tarj\u00e1ni K\u0151sz\u00e9nb\u00e1nya RT g\u00e9p\u00e9szeti oszt\u00e1lyvezet\u0151je, majd g\u00e9p\u00e9szeti igazgat\u00f3ja lett. Ezt k\u00f6vet\u0151en a r\u00e9szv\u00e9nyt\u00e1rsas\u00e1g k\u00f6zponti igazgat\u00f3s\u00e1g\u00e1n dolgozott, valamennyi b\u00e1nya fel\u00fcgyel\u0151jek\u00e9nt. Majd 1945 ut\u00e1n visszaj\u00f6tt Salg\u00f3tarj\u00e1nba r\u00e9szt vett a b\u00e1nyak\u00e1rok helyre\u00e1ll\u00edt\u00e1s\u00e1ban. Vezette a b\u00e1ny\u00e1szati f\u0151oszt\u00e1lyt az Ipar\u00fcgyi Miniszt\u00e9riumban. Nev\u00e9hez f\u0171s\u00f6dik a koml\u00f3i l\u00e9zergy\u00e1rt\u00f3 \u00fczem tervez\u00e9se \u00e9s kiviteles\u00e9se. Jelent\u0151s oktat\u00f3- \u00e9s tudom\u00e1nyos munk\u00e1t v\u00e9gzett. Tev\u00e9kenys\u00e9ge elismer\u00e9sek\u00e9ppen Miskolcon, a Neh\u00e9zipari M\u0171szaki Egyetemen doktorr\u00e1 avatt\u00e1k. Budapesten hunyt el 1979-ben.<\/span><\/p>\n<\/td>\n<\/tr>\n<tr>\n<td style=\"padding: 0cm 5.4pt; width: 164px;\" valign=\"top\">\n<p class=\"MsoNormal\"><span style=\"font-weight: bold;\"> <span style=\"font-size: large;\">\u00a0<\/span><\/span><\/p>\n<\/td>\n<td style=\"padding: 0cm 5.4pt; width: 464px;\" valign=\"top\">\n<p class=\"MsoNormal\"><span style=\"font-size: large;\">\u00a0<\/span><\/p>\n<\/td>\n<\/tr>\n<tr>\n<td style=\"padding: 0cm 5.4pt; width: 164px;\" valign=\"top\">\n<p class=\"MsoNormal\"><span style=\"font-weight: bold;\"> <span style=\"font-size: large;\">Dr. Mosonyi L\u00e1szl\u00f3<\/span><\/span><\/p>\n<\/td>\n<td style=\"padding: 0cm 5.4pt; width: 464px;\" valign=\"top\">\n<p class=\"MsoNormal\"><span style=\"font-size: large;\">egyetemi tan\u00e1r, a Francia Akad\u00e9mia Becs\u00fcletrendj\u00e9nek tulajdonosa. S\u00e1ris\u00e1pon sz\u00fcletett 1909-be, \u00e9s 1933-ban avatt\u00e1k orvoss\u00e1. Dolgozott a Kor\u00e1nyi klinik\u00e1n, a K\u00f3r\u00e9lettani Int\u00e9zetben, az I. sz\u00e1m\u00fa K\u00f3rbonctani Int\u00e9zetben. Szakorvosi k\u00e9pes\u00edt\u00e9st a Ill. sz\u00e1m\u00fa Kor\u00e1nyi Belgy\u00f3gy\u00e1szati Klinik\u00e1n szerzett. A R\u00f3kus k\u00f3rh\u00e1zba m\u00e1r szakorvosk\u00e9nt ker\u00fclt, majd ezt k\u0151vet\u0151en Baglyasalj\u00e1n a b\u00e1nyak\u00f3rh\u00e1z lett. Itteni munk\u00e1ja, tapasztalatai alapj\u00e1n jelentette meg k\u00fclf\u00f6ldi foly\u00f3\u00adiratokban az akkor ismert f\u0151 v\u00e9rcsoportokon k\u00edv\u00fcli tulajdons\u00e1g\u00e1t a v\u00e9r\u00adnek, az Rh-faktort- Baglyasalja neve ez\u00e9rt beker\u00fclt az angliai Cambridgeben kiadott &#8222;Ki-kicsoda az oktat\u00e1sban&#8221; c\u00edm\u0171 kiadv\u00e1nyba Frontszolg\u00e1latra h\u00edvt\u00e1k be \u00e9s 1945-ben orvos-sz\u00e1zadosk\u00e9nt szerelt le. K\u00e9s\u0151bb Alb\u00e1ni\u00e1ban seg\u00edtette az eg\u00e9szs\u00e9g\u00fcgy megszervez\u00e9s\u00e9t. K\u00f6zben egyetemi mag\u00e1ntan\u00e1r lett, a II. sz\u00e1m\u00fa Belgy\u00f3gy\u00e1szati Klinika docense, az Orvostudom\u00e1nyok kandid\u00e1tusa. Az Orvostov\u00e1bbk\u00e9pz\u0151 Int\u00e9zet IV. sz\u00e1m\u00fa belgy\u00f3gy\u00e1szat\u00e1n igazgat\u00f3k\u00e9nt dolgozott. 1986-ban pedig megszerezte az Orvostudom\u00e1nyok doktora c\u00edmet. T\u00f6bb mint 230 k\u00f6zl\u00e9se jelent meg hazai \u00e9s k\u00fclf\u00f6ldi foly\u00f3iatokban, \u00edgy a Medicus Universalisban, angol, francia, n\u00e9met nyelven, s n\u00e9gy k\u00f6nyvet \u00edrt. T\u00f6bb kit\u00fcntet\u00e9s tulajdonosa volt. Budapesten hunyt el 1998-ban.<\/span><\/p>\n<\/td>\n<\/tr>\n<tr>\n<td style=\"padding: 0cm 5.4pt; width: 164px;\" valign=\"top\">\n<p class=\"MsoNormal\"><span style=\"font-weight: bold;\"> <span style=\"font-size: large;\">\u00a0<\/span><\/span><\/p>\n<\/td>\n<td style=\"padding: 0cm 5.4pt; width: 464px;\" valign=\"top\">\n<p class=\"MsoNormal\"><span style=\"font-size: large;\">\u00a0<\/span><\/p>\n<\/td>\n<\/tr>\n<tr>\n<td style=\"padding: 0cm 5.4pt; width: 164px;\" valign=\"top\">\n<p class=\"MsoNormal\"><span style=\"font-weight: bold;\"> <span style=\"font-size: large;\">Id. M\u00fcller P\u00e1l<\/span><\/span><\/p>\n<\/td>\n<td style=\"padding: 0cm 5.4pt; width: 464px;\" valign=\"top\">\n<p class=\"MsoNormal\"><span style=\"font-size: large;\">igazgat\u00f3-tan\u00edt\u00f3, Kar\u00e1nsebesen sz\u00fcletett 1899-ben- Volt n\u00e9ptan\u00edt\u00f3, n\u00e9h\u00e1ny alf\u00f6ldi telep\u00fcl\u00e9sen, majd h\u00e1zitan\u00edt\u00f3skodott \u00e9s 1930-ban nyerte el a baglyasaljai k\u00f6zs\u00e9gi iskola tan\u00edt\u00f3i \u00e1ll\u00e1s\u00e1t. Feles\u00e9ge Tibold Ilona tan\u00edt\u00f3n\u0151 volt Baglyasalj\u00e1n. Amikor 1946 ut\u00e1n \u00f6sszevont\u00e1k a k\u00e9t b\u00e1nyai \u00e9s a falusi iskol\u00e1t, igazgat\u00f3nak nevezt\u00e9k ki, de munk\u00e1ja mellett akt\u00edv r\u00e9szese volt a munk\u00e1smozgalomnak, a t\u00e1rsadalmi \u00e9letnek. J\u00e1r\u00e1si tanfel\u00fcgyel\u0151 volt, titk\u00e1ra, majd eln\u00f6ke a pedag\u00f3gusok szakszervezet\u00e9nek. \u00d6tven \u00e9ves tan\u00edt\u00f3i munk\u00e1ss\u00e1g\u00e1\u00e9rt Gy\u00e9m\u00e1ntdiplom\u00e1t, de t\u00f6bb m\u00e1s kit\u00fcntet\u00e9st is kapott. Baglyasalj\u00e1n hunyt el 1972-ben.<\/span><\/p>\n<\/td>\n<\/tr>\n<tr>\n<td style=\"padding: 0cm 5.4pt; width: 164px;\" valign=\"top\">\n<p class=\"MsoNormal\"><span style=\"font-weight: bold;\"> <span style=\"font-size: large;\">\u00a0<\/span><\/span><\/p>\n<\/td>\n<td style=\"padding: 0cm 5.4pt; width: 464px;\" valign=\"top\">\n<p class=\"MsoNormal\"><span style=\"font-size: large;\">\u00a0<\/span><\/p>\n<\/td>\n<\/tr>\n<tr>\n<td style=\"padding: 0cm 5.4pt; width: 164px;\" valign=\"top\">\n<p class=\"MsoNormal\"><span style=\"font-weight: bold;\"> <span style=\"font-size: large;\">P\u00e1l J\u00e1nos<\/span><\/span><\/p>\n<\/td>\n<td style=\"padding: 0cm 5.4pt; width: 464px;\" valign=\"top\">\n<p class=\"MsoNormal\"><span style=\"font-size: large;\">k\u00e1ntortan\u00edt\u00f3, Budapesten sz\u00fcletett 1890-ben- K\u00f6z\u00e9piskol\u00e1it V\u00e1cott, a tan\u00edt\u00f3k\u00e9pz\u0151t pedig Esztergomban v\u00e9gezte el. K\u00f3spallagon majd Kisorosziban tan\u00edtott, 1905-t\u0151I pedig Baglyasalj\u00e1n. \u00dcgyvezet\u0151je volt a Hangya Sz\u00f6vetkezetnek.<\/span><\/p>\n<\/td>\n<\/tr>\n<tr>\n<td style=\"padding: 0cm 5.4pt; width: 164px;\" valign=\"top\">\n<p class=\"MsoNormal\"><span style=\"font-weight: bold;\"> <span style=\"font-size: large;\">\u00a0<\/span><\/span><\/p>\n<\/td>\n<td style=\"padding: 0cm 5.4pt; width: 464px;\" valign=\"top\">\n<p class=\"MsoNormal\"><span style=\"font-size: large;\">\u00a0<\/span><\/p>\n<\/td>\n<\/tr>\n<tr>\n<td style=\"padding: 0cm 5.4pt; width: 164px;\" valign=\"top\">\n<p class=\"MsoNormal\"><span style=\"font-weight: bold;\"> <span style=\"font-size: large;\">Pothornyik J\u00f3zsef<\/span><\/span><\/p>\n<\/td>\n<td style=\"padding: 0cm 5.4pt; width: 464px;\" valign=\"top\">\n<p class=\"MsoNormal\"><span style=\"font-size: large;\">b\u00e1ny\u00e1sz, Baglyasalj\u00e1n sz\u00fcletett 1903-bon. Fiatalon kapcsol\u00f3dott be a munk\u00e1smozgalomba, 1925-t\u0151l az MSZMP N\u00f3gr\u00e1d megyei szervezet\u00e9nek titk\u00e1ra volt. Az 1929-es b\u00e1ny\u00e1sz-sztr\u00e1jk egyik szervez\u0151jek\u00e9nt tartott\u00e1k sz\u00e1m \u00e9s k\u00fcld\u00f6tt volt a KMP II. Kongresszus\u00e1n Aprilovk\u00e1ban. A letart\u00f3ztat\u00e1sok, az \u00fcld\u00f6z\u00e9s el\u0151l 1930-bon a Szovjetuni\u00f3ba menek\u00fclt \u00e9s a Donyeci- sz\u00e9nmedenc\u00e9ben dolgozott. Innen 1947-ben j\u00f6tt haza. A B\u00e1ny\u00e1sz Szakszervezet eln\u00f6k\u00e9nek v\u00e1lasztott\u00e1k, majd a Dorogi, Tatai Aknam\u00e9ly\u00edt\u0151 V\u00e1llalatot vezette. K\u00e9s\u0151bb pedig a N\u00f3gr\u00e1d Megyei Sz\u00e9nb\u00e1ny\u00e1szati Tr\u00f6szt igazgat\u00f3ja volt. Hal\u00e1la 1981-ben k\u00f6vetkezett be.<\/span><\/p>\n<\/td>\n<\/tr>\n<tr>\n<td style=\"padding: 0cm 5.4pt; width: 164px;\" valign=\"top\">\n<p class=\"MsoNormal\"><span style=\"font-weight: bold;\"> <span style=\"font-size: large;\">\u00a0<\/span><\/span><\/p>\n<\/td>\n<td style=\"padding: 0cm 5.4pt; width: 464px;\" valign=\"top\">\n<p class=\"MsoNormal\"><span style=\"font-size: large;\">\u00a0<\/span><\/p>\n<\/td>\n<\/tr>\n<tr>\n<td style=\"padding: 0cm 5.4pt; width: 164px;\" valign=\"top\">\n<p class=\"MsoNormal\"><span style=\"font-weight: bold;\"> <span style=\"font-size: large;\">Sinkovics J\u00e1nos<\/span><\/span><\/p>\n<\/td>\n<td style=\"padding: 0cm 5.4pt; width: 464px;\" valign=\"top\">\n<p class=\"MsoNormal\"><span style=\"font-size: large;\">\u00fczemvezet\u0151, m\u0171szaki tisztvisel\u0151- Szegeden szilletett 1897-ben \u00e9s 1915-ben v\u00e9gezte el a fels\u00f6 ipariskol\u00e1t. A k\u0151sz\u00e9nb\u00e1nya szolg\u00e1lat\u00e1ba 1921-ben l\u00e9pett \u00e9s 1922-t\u0151t \u00fczemvezet\u0151 volt. Baglyasalj\u00e1n az Iparos Olvas\u00f3k\u00f6r eln\u00f6ke, a Tiszti Kaszin\u00f3 int\u00e9z\u0151je \u00e9s a l\u00f6v\u00e9szegylet sza\u00adkaszparancsnoka is volt.<\/span><\/p>\n<\/td>\n<\/tr>\n<tr>\n<td style=\"padding: 0cm 5.4pt; width: 164px;\" valign=\"top\">\n<p class=\"MsoNormal\"><span style=\"font-weight: bold;\"> <span style=\"font-size: large;\">\u00a0<\/span><\/span><\/p>\n<\/td>\n<td style=\"padding: 0cm 5.4pt; width: 464px;\" valign=\"top\">\n<p class=\"MsoNormal\"><span style=\"font-size: large;\">\u00a0<\/span><\/p>\n<\/td>\n<\/tr>\n<tr>\n<td style=\"padding: 0cm 5.4pt; width: 164px;\" valign=\"top\">\n<p class=\"MsoNormal\"><span style=\"font-weight: bold;\"> <span style=\"font-size: large;\">Sulyok Andr\u00e1s<\/span><\/span><\/p>\n<\/td>\n<td style=\"padding: 0cm 5.4pt; width: 464px;\" valign=\"top\">\n<p class=\"MsoNormal\"><span style=\"font-size: large;\">b\u00e1nyamunk\u00e1s, 1901-ben sz\u00fcletett Nagyb\u00e1tonyban. M\u00e1r eg\u00e9szen fiatalon bekapcsol\u00f3dott a munk\u00e1smozgalomba, 1918-t\u00f3l a KMP tagja. A Tan\u00e1csk\u00f6zt\u00e1rsas\u00e1g idej\u00e9n r\u00e9szese volt a salg\u00f3tarj\u00e1ni k\u00f6rny\u00e9ki harcoknak. Baglyasalj\u00e1ra 1923-ban ker\u00fclt \u00e9s egyik szervez\u0151je volt az MSZMP baglyasaljai alapszervezet\u00e9nek. Tev\u00e9kenys\u00e9g\u00e9\u00e9rt t\u00f6bbsz\u00f6r is letart\u00f3ztatt\u00e1k, b\u00f6rt\u00f6nbe z\u00e1rt\u00e1k. Dolgozott Franciaorsz\u00e1gban is, de mozgalmi tev\u00e9kenys\u00e9g\u00e9\u00e9rt kitoloncolt\u00e1k- Munk\u00e1ja, meggy\u0151z\u0151d\u00e9se elismer\u00e9sek\u00e9nt 1945 ut\u00e1n a kommunista p\u00e1rt eln\u00f6ke volt. Baglyasalj\u00e1n hunyt el 1970-ben.<\/span><\/p>\n<\/td>\n<\/tr>\n<tr>\n<td style=\"padding: 0cm 5.4pt; width: 164px;\" valign=\"top\">\n<p class=\"MsoNormal\"><span style=\"font-weight: bold;\"> <span style=\"font-size: large;\">\u00a0<\/span><\/span><\/p>\n<\/td>\n<td style=\"padding: 0cm 5.4pt; width: 464px;\" valign=\"top\">\n<p class=\"MsoNormal\"><span style=\"font-size: large;\">\u00a0<\/span><\/p>\n<\/td>\n<\/tr>\n<tr>\n<td style=\"padding: 0cm 5.4pt; width: 164px;\" valign=\"top\">\n<p class=\"MsoNormal\"><span style=\"font-weight: bold;\"> <span style=\"font-size: large;\">Szalatovics P\u00e9ter<\/span><\/span><\/p>\n<\/td>\n<td style=\"padding: 0cm 5.4pt; width: 464px;\" valign=\"top\">\n<p class=\"MsoNormal\"><span style=\"font-size: large;\">Baglyasalj\u00e1n sz\u00fcletett 1868-bon. T\u00f6bb mint 20 hold f\u00f6ld\u00f6n gazd\u00e1lkodott \u00e9s tagja volt a k\u00f6zs\u00e9gi el\u00f6lj\u00e1r\u00f3s\u00e1gnak. B\u00edr\u00f3nak 1905-bon v\u00e1lasztott\u00e1k el\u0151sz\u00f6r \u00e9s 11 \u00e9vig ir\u00e1ny\u00edtotta a k\u00f6zs\u00e9get. K\u00e9s\u0151bb, 1926-t\u00f3l 1930-ig \u00fajra b\u00edr\u00f3, 1910-t\u0151l pedig az iskolasz\u00e9k tagja. Hal\u00e1la 1946-bon k\u00f6vetkezettbe.<\/span><\/p>\n<\/td>\n<\/tr>\n<tr>\n<td style=\"padding: 0cm 5.4pt; width: 164px;\" valign=\"top\">\n<p class=\"MsoNormal\"><span style=\"font-weight: bold;\"> <span style=\"font-size: large;\">\u00a0<\/span><\/span><\/p>\n<\/td>\n<td style=\"padding: 0cm 5.4pt; width: 464px;\" valign=\"top\">\n<p class=\"MsoNormal\"><span style=\"font-size: large;\">\u00a0<\/span><\/p>\n<\/td>\n<\/tr>\n<tr>\n<td style=\"padding: 0cm 5.4pt; width: 164px;\" valign=\"top\">\n<p class=\"MsoNormal\"><span style=\"font-weight: bold;\"> <span style=\"font-size: large;\">Dr. Szkics\u00e1k Ferenc<\/span><\/span><\/p>\n<\/td>\n<td style=\"padding: 0cm 5.4pt; width: 464px;\" valign=\"top\">\n<p class=\"MsoNormal\"><span style=\"font-size: large;\">b\u00e1nyaorvas, \u00c1rva-megy\u00e9ben sz\u00fcletett 1897-ben. K\u00f6z\u00e9piskol\u00e1it Kass\u00e1n \u00e9s L\u0151cs\u00e9n, az egyetemet Budapesten v\u00e9gezte. Baglyasalj\u00e1n 1923-t\u00f3l volt b\u00e1nyaorvos. Igen \u00e9l\u00e9nk t\u00e1rsadalmi \u00e9letet \u00e9lt. Tagja volt a k\u00f6zs\u00e9gi k\u00e9pvisel\u0151test\u00fcletnek, eln\u00f6ke a sportegyes\u00fcletnek \u00e9s t\u00e1rseln\u00f6ke a polg\u00e1ri l\u00f6v\u00e9szegyletnek. S\u00falyos betegs\u00e9gben hunyt el.<\/span><\/p>\n<\/td>\n<\/tr>\n<tr>\n<td style=\"padding: 0cm 5.4pt; width: 164px;\" valign=\"top\">\n<p class=\"MsoNormal\"><span style=\"font-weight: bold;\"> <span style=\"font-size: large;\">\u00a0<\/span><\/span><\/p>\n<\/td>\n<td style=\"padding: 0cm 5.4pt; width: 464px;\" valign=\"top\">\n<p class=\"MsoNormal\"><span style=\"font-size: large;\">\u00a0<\/span><\/p>\n<\/td>\n<\/tr>\n<tr>\n<td style=\"padding: 0cm 5.4pt; width: 164px;\" valign=\"top\">\n<p class=\"MsoNormal\"><span style=\"font-weight: bold;\"> <span style=\"font-size: large;\">Szolnoki P\u00e9ter<\/span><\/span><\/p>\n<\/td>\n<td style=\"padding: 0cm 5.4pt; width: 464px;\" valign=\"top\">\n<p class=\"MsoNormal\"><span style=\"font-size: large;\">1890-ben sz\u00fcletett Baglyasalj\u00e1n. Gazd\u00e1lkod\u00f3 volt, vizsg\u00e1zott halottk\u00e9m \u00e9s 1933-t\u00f3t 1945-ig a falu b\u00edr\u00e1ja, mint az \u00e9desapja is. Nev\u00e9t 1935-be, m\u00f3dos\u00edtotta Szalatovicsr\u00f3l Szolnokira. Amikor 1934-ben elk\u00e9sz\u00fclt a baglyasi templom, a kistorony v\u00f6r\u00f6sr\u00e9z keresztj\u00e9t \u0151 adom\u00e1nyozta a hitk\u00f6zs\u00e9gnek.<\/span><\/p>\n<\/td>\n<\/tr>\n<tr>\n<td style=\"padding: 0cm 5.4pt; width: 164px;\" valign=\"top\">\n<p class=\"MsoNormal\"><span style=\"font-weight: bold;\"> <span style=\"font-size: large;\">\u00a0<\/span><\/span><\/p>\n<\/td>\n<td style=\"padding: 0cm 5.4pt; width: 464px;\" valign=\"top\">\n<p class=\"MsoNormal\"><span style=\"font-size: large;\">\u00a0<\/span><\/p>\n<\/td>\n<\/tr>\n<tr>\n<td style=\"padding: 0cm 5.4pt; width: 164px;\" valign=\"top\">\n<p class=\"MsoNormal\"><span style=\"font-weight: bold;\"> <span style=\"font-size: large;\">Verle J\u00e1nos<\/span><\/span><\/p>\n<\/td>\n<td style=\"padding: 0cm 5.4pt; width: 464px;\" valign=\"top\">\n<p class=\"MsoNormal\"><span style=\"font-size: large;\">igazgat\u00f3tan\u00edt\u00f3, Sikl\u00f3san sz\u00fcletett 1903-ban. A tan\u00edt\u0151k\u00e9pz\u0151t Csurg\u00f3n v\u00e9gezte, \u00e9s M\u00e1gocson kezdett tan\u00edtani. Baglyasalj\u00e1ra az akkori Horthy-telepr\u0151l ker\u00fclt. Tan\u00edtott az \u00e1ltal\u00e1nos iskol\u00e1ban, amelynek k\u00e9s\u0151bb igazgat\u00f3ja lett. Cserk\u00e9szcsapat-tiszt volt, de k\u00fcl\u00f6n\u00f6sen az \u00f6ntev\u00e9keny m\u0171v\u00e9szeti csoportok l\u00e9trehoz\u00e1s\u00e1ban szerzett el\u00e9v\u00fclhetetlen \u00e9rdemeket.<\/span><\/p>\n<\/td>\n<\/tr>\n<\/tbody>\n<\/table>\n<p>&nbsp;<\/p>\n","protected":false},"excerpt":{"rendered":"<p>&nbsp; &nbsp; Baglyasi szem\u00e9lyek Angyal Lajos keresked\u0151 volt. N\u00e1d\u00fajfaluban sz\u00fcletett 1891-ben. A Salg\u00f3tarj\u00e1ni \u00dcveggy\u00e1rban \u00fcvegf\u00fav\u00f3k\u00e9nt dolgozott, majd a b\u00e1ny\u00e1n\u00e1l alkalmazt\u00e1k, mint g\u00e9pkezel\u0151t. Azt\u00e1n \u00f6n\u00e1ll\u00f3 keresked\u0151 lett, kis szat\u00f3cs \u00fczletet nyitott Baglyasalj\u00e1n. \u00a0 \u00a0 B\u00e9k\u00e9si&#46;&#46;&#46;<\/p>\n","protected":false},"author":1,"featured_media":0,"parent":5,"menu_order":2,"comment_status":"open","ping_status":"open","template":"","meta":{"footnotes":""},"class_list":["post-115","page","type-page","status-publish","hentry"],"_links":{"self":[{"href":"https:\/\/www.baglyasalja.hu\/baglyas\/index.php?rest_route=\/wp\/v2\/pages\/115","targetHints":{"allow":["GET"]}}],"collection":[{"href":"https:\/\/www.baglyasalja.hu\/baglyas\/index.php?rest_route=\/wp\/v2\/pages"}],"about":[{"href":"https:\/\/www.baglyasalja.hu\/baglyas\/index.php?rest_route=\/wp\/v2\/types\/page"}],"author":[{"embeddable":true,"href":"https:\/\/www.baglyasalja.hu\/baglyas\/index.php?rest_route=\/wp\/v2\/users\/1"}],"replies":[{"embeddable":true,"href":"https:\/\/www.baglyasalja.hu\/baglyas\/index.php?rest_route=%2Fwp%2Fv2%2Fcomments&post=115"}],"version-history":[{"count":0,"href":"https:\/\/www.baglyasalja.hu\/baglyas\/index.php?rest_route=\/wp\/v2\/pages\/115\/revisions"}],"up":[{"embeddable":true,"href":"https:\/\/www.baglyasalja.hu\/baglyas\/index.php?rest_route=\/wp\/v2\/pages\/5"}],"wp:attachment":[{"href":"https:\/\/www.baglyasalja.hu\/baglyas\/index.php?rest_route=%2Fwp%2Fv2%2Fmedia&parent=115"}],"curies":[{"name":"wp","href":"https:\/\/api.w.org\/{rel}","templated":true}]}}