{"id":8,"date":"2008-04-23T21:43:12","date_gmt":"2008-04-23T19:43:12","guid":{"rendered":"http:\/\/baglyasalja.hu\/baglyas\/?page_id=9"},"modified":"2008-04-23T21:43:12","modified_gmt":"2008-04-23T19:43:12","slug":"a-mult-uzenete","status":"publish","type":"page","link":"http:\/\/www.baglyasalja.hu\/baglyas\/?page_id=8","title":{"rendered":"A m\u00falt \u00fczenete"},"content":{"rendered":"<p class=\"MsoNormal\" style=\"text-indent: 0cm;\" align=\"center\"><span style=\"font-size: normal;\"><strong> <span style=\"letter-spacing: 0.4pt;\">Cs. Sebesty\u00e9n K\u00e1lm\u00e1n<\/span><\/strong><\/span><\/p>\n<p class=\"MsoNormal\" style=\"text-indent: 0cm;\" align=\"center\"><strong><span style=\"font-family: Castellar;\">A M\u00daLT \u00dcZENETE<\/span><\/strong><\/p>\n<p><strong><span style=\"font-size: normal;\"> <\/span><\/strong><\/p>\n<p class=\"MsoNormal\" style=\"margin-left: 10px; margin-right: 5px;\"><span style=\"font-size: normal;\"> <span style=\"letter-spacing: 0.2pt;\">Ha Salg\u00f3tarj\u00e1nt\u00f3l  \t\t\t\t\t\u00e9szaknyugati ir\u00e1nyba, a Karancs<\/span> fel\u00e9 elindulunk, s  \t\t\t\t\tel\u00e9rj\u00fck azt az \u00e1tj\u00e1r\u00f3t, mely a Dobroda-patak v\u00f6lgy\u00e9be vezet,  \t\t\t\t\tegy furcsa term\u00e9szeti k\u00e9pz\u0151dm\u00e9nyt l\u00e1thatunk: a v\u00f6lgyfen\u00e9kb\u0151l  \t\t\t\t\tkett\u0151s bazaltszikla, vagy m\u00e1sk\u00e9nt vulk\u00e1ni embri\u00f3 emelkedik  \t\t\t\t\tki.<\/span><\/p>\n<p class=\"MsoNormal\" style=\"margin-left: 10px; margin-right: 5px;\"><span style=\"font-size: normal;\"><strong> <span style=\"letter-spacing: 0.2pt;\">Baglyasalja<\/span><\/strong><span style=\"letter-spacing: 0.2pt;\"> t\u00f6rt\u00e9net\u00e9nek els\u0151 felvon\u00e1sa ennek a boglya alak\u00fa szikl\u00e1nak \u2013  \t\t\t\t\tval\u00f3sz\u00edn\u0171leg ez nev\u00e9nek eredete is \u2013 k\u00f6rny\u00e9k\u00e9hez k\u00f6t\u0151dik. Ez  \t\t\t\t\talkalmas volt arra, hogy \u2013 ha nem is nagy \u2013 er\u0151d\u00edtm\u00e9nyt  \t\t\t\t\talak\u00edtsanak ki rajta. Az 1700-as \u00e9vek elej\u00e9n a szemtan\u00fa  \t\t\t\t\tszerint: <em> \u201eA nyomok azt mutatj\u00e1k, hogy az orom be volt  \t\t\t\t\t\u00e9p\u00edtve s ebbe a k\u0151szikl\u00e1ba valamif\u00e9le \u2013 ma m\u00e1r nehezen  \t\t\t\t\tmegk\u00f6zel\u00edthet\u0151 \u2013 \u00fcreget v\u00e1jtak. Felt\u00e9telezhet\u0151 \u2013 s \u00edgy is  \t\t\t\t\tbesz\u00e9lik \u2013, hogy ez az er\u0151d\u00edtm\u00e9ny a tat\u00e1rok becsap\u00e1sai ellen  \t\t\t\t\tny\u00fajtott mened\u00e9khelyet a hegy alatti falvaknak, s erre a  \t\t\t\t\tc\u00e9lra is k\u00e9sz\u00fclt.\u201d<\/em> Hogy val\u00f3ban a tat\u00e1rj\u00e1r\u00e1s idej\u00e9n,  \t\t\t\t\tvagy k\u00e9s\u0151bb \u00e9p\u00edtett\u00e9k ezt a kis v\u00e1rat, nem tudni, csak az  \t\t\t\t\tbizonyos, hogy az <strong>1270-es \u00e9vekben<\/strong> \u00e1llt. Mi c\u00e9lt  \t\t\t\t\tszolg\u00e1lhatott? Val\u00f3sz\u00edn\u0171, hogy valamif\u00e9le k\u00f6z\u00e9pkori  \t\t\t\t\t\u201ep\u00e1nc\u00e9lszekr\u00e9nyk\u00e9nt\u201d m\u0171k\u00f6dhetett: fontos \u00e9rt\u00e9kek \u0151rz\u00e9s\u00e9re,  \t\t\t\t\tesetleg r\u00f6vid ideig mened\u00e9khely\u00fcl haszn\u00e1lhatt\u00e1k, hisz  \t\t\t\t\tjelent\u0151s katonai er\u0151t nem tudott befogadni, v\u00e1r\u00far lakhely\u00e9\u00fcl  \t\t\t\t\tpedig t\u00fals\u00e1gosan kicsi volt. Ez a szerep f\u0151leg az 1200-as  \t\t\t\t\t\u00e9vek v\u00e9ge fel\u00e9, a k\u00f6zponti hatalom gyeng\u00fcl\u00e9s\u00e9vel  \t\t\t\t\tp\u00e1rhuzamosan \u00e9rt\u00e9kel\u0151d\u00f6tt f\u00f6l.<\/span><\/span><\/p>\n<p class=\"MsoNormal\" style=\"margin-left: 10px; margin-right: 5px;\"><span style=\"font-size: normal;\">Birtokosair\u00f3l valamivel  \t\t\t\t\tt\u00f6bbet tudunk. A k\u00f6rny\u00e9ket ez id\u0151ben a <strong>Kacsics nemzets\u00e9g<\/strong> b\u00edrta, mely N\u00f3gr\u00e1d v\u00e1rmegye isp\u00e1nj\u00e1t\u00f3l, Slavizt\u00f3l  \t\t\t\t\tsz\u00e1rmaztatta mag\u00e1t. A Tarj\u00e1n falu nyugati r\u00e9sz\u00e9t birtokl\u00f3  \t\t\t\t\t\u00e1g, melyhez Baglyask\u0151 \u00e9s k\u00f6rny\u00e9ke is tartozott, els\u0151 n\u00e9v  \t\t\t\t\tszerint ismert tagja Ill\u00e9s. Ut\u00f3dai egy \u00e9vsz\u00e1zadig  \t\t\t\t\tmeghat\u00e1roz\u00f3 szerepet t\u00f6lt\u00f6ttek be a k\u00f6rny\u00e9ken, mivel  \t\t\t\t\tBaglyask\u0151 mellett m\u00e9g h\u00e1rom v\u00e1rral \u2013 Holl\u00f3k\u0151, Somosk\u0151,  \t\t\t\t\tSztrahora (Holl\u00f3k\u0151 \u00e9s N\u00f3gr\u00e1dsipek k\u00f6z\u00f6tt) \u2013 rendelkeztek. Az  \t\t\t\t\tIll\u00e9s-\u00e1g hatalm\u00e1nak le<span style=\"letter-spacing: 0.2pt;\">\u00e1ldoz\u00e1s\u00e1t  \t\t\t\t\taz \u00c1rp\u00e1d-h\u00e1z kihal\u00e1sa ut\u00e1ni belharcok jelentett\u00e9k. A csal\u00e1d  \t\t\t\t\ttagjai ekkor Cs\u00e1k M\u00e1t\u00e9 mell\u00e9 \u00e1lltak. 1311 k\u00f6r\u00fcl Baglyask\u0151  \t\t\t\t\takkori birtokosa, Ill\u00e9s fia P\u00e9ter fia II. P\u00e9ter \u00e1tadta a  \t\t\t\t\tv\u00e1rat a trencs\u00e9ni nagy\u00farnak. K\u00e1roly R\u00f3bert hatalm\u00e1nak  \t\t\t\t\tmegszil\u00e1rd\u00edt\u00e1sa ut\u00e1n ennek k\u00f6vetkezm\u00e9nye a birtokelkobz\u00e1s  \t\t\t\t\tlett. Az \u00faj tulajdonos <strong>Sz\u00e9cs\u00e9nyi Tam\u00e1s erd\u00e9lyi vajda<\/strong>,  \t\t\t\t\taki szint\u00e9n Kacsics volt, csak egy m\u00e1sik \u00e1gb\u00f3l sz\u00e1rmazott,  \t\t\t\t\tN\u00f3gr\u00e1d v\u00e1rmegye nagy r\u00e9sz\u00e9t megkapta a kir\u00e1lyt\u00f3l h\u0171s\u00e9g\u00e9\u00e9rt.  \t\t\t\t\tBaglyask\u0151 v\u00e1ra azzal, hogy egy nagy birtoktest r\u00e9sze lett,  \t\t\t\t\telvesztette addigi jelent\u0151s\u00e9g\u00e9t is. <\/span><\/span><\/p>\n<p class=\"MsoNormal\" style=\"margin-left: 10px; margin-right: 5px;\"><span style=\"font-size: normal;\"> <span style=\"letter-spacing: 0.2pt;\">Viszont tov\u00e1bb \u00e9lt a  \t\t\t\t\tfalu, mely eredetileg a v\u00e1r \u0151rz\u00e9s\u00e9vel megb\u00edzott szem\u00e9lyek,  \t\t\t\t\tilletve az ell\u00e1t\u00e1sukra kirendeltek lakhelye volt. Erre utal  \t\t\t\t\tneve is, hisz az ilyen jelleg\u0171 telep\u00fcl\u00e9sekn\u00e9l fordul el\u0151  \t\t\t\t\t\u00e1ltal\u00e1ban a v\u00e1r nev\u00e9hez illesztett \u201eallya\u201d (alja) ut\u00f3tag.  \t\t\t\t\tBaglyasalja nev\u00e9t <strong>1327<\/strong>-ben eml\u00edtik \u00edrott forr\u00e1sban.  \t\t\t\t\tLakosai az 1300-as \u00e9vek elej\u00e9t\u0151l a jobb\u00e1gyfalvak \u00e9let\u00e9t  \t\t\t\t\t\u00e9lhett\u00e9k. M\u0171velt\u00e9k a f\u00f6ldet, legeltett\u00e9k az \u00e1llatokat, a  \t\t\t\t\tf\u00f6ldes\u00fari ad\u00f3kat az \u00faj birtokk\u00f6zpontba, Somosk\u0151 v\u00e1r\u00e1ba  \t\t\t\t\tsz\u00e1ll\u00edtott\u00e1k. K\u00fcl\u00f6n\u00f6sebben nem \u00e9rintette \u0151ket, hogy kik a  \t\t\t\t\tf\u00f6ldesurak, pedig az orsz\u00e1g jelent\u0151s csal\u00e1djai voltak: <strong>a  \t\t\t\t\tLosonczi \u00e9s a Guthi Orsz\u00e1gh csal\u00e1d, majd a Forg\u00e1chok. <\/strong> <\/span> <span style=\"letter-spacing: 0.2pt;\"> <\/span><\/span><\/p>\n<p class=\"MsoNormal\" style=\"text-align: center; text-indent: 0cm; margin-left: 10px; margin-right: 5px;\" align=\"center\"><img loading=\"lazy\" decoding=\"async\" src=\"http:\/\/baglyasalja.hu\/web\/multuzen_elemei\/image004.jpg\" border=\"0\" alt=\"\" width=\"336\" height=\"355\" \/><\/p>\n<p class=\"kpalrs\" style=\"margin-left: 10px; margin-right: 5px;\" align=\"center\"><span style=\"font-size: normal;\">Baglyask\u0151 (K\u0151v\u00e1r)<\/span><\/p>\n<p class=\"MsoNormal\" style=\"margin-left: 10px; margin-right: 5px;\"><span style=\"font-size: normal;\"> <span style=\"letter-spacing: 0.2pt;\">A  \t\t\t\t\thelyzet alapvet\u0151en a moh\u00e1csi v\u00e9sz ut\u00e1n v\u00e1ltozott, mikor a  \t\t\t\t\tmindennapi \u00e9let r\u00e9sze lett a rettenet, ha fegyveresek t\u0171ntek  \t\t\t\t\tf\u00f6l a k\u00f6rny\u00e9ken. Ett\u0151l kezdve a falu sors\u00e1t ism\u00e9t a v\u00e1rak  \t\t\t\t\that\u00e1rozt\u00e1k meg, hisz szorosan kapcsol\u00f3dott a k\u00f6zeli Salg\u00f3,  \t\t\t\t\tSomosk\u0151 \u00e9s F\u00fclek birtokl\u00e1s\u00e1\u00e9rt foly\u00f3 harcokhoz. 1552-ben a  \t\t\t\t\tt\u00f6r\u00f6k megsz\u00e1ll\u00e1s \u00e1lland\u00f3sult. K\u00e9t \u00e9v m\u00falva Baglyasalja m\u00e1r  \t\t\t\t\tszerepelt a sz\u00e9cs\u00e9nyi szandzs\u00e1k ad\u00f3\u00f6ssze\u00edr\u00e1s\u00e1ban kb. 40  \t\t\t\t\tf\u0151nyi lakossal. A telep\u00fcl\u00e9s a pusztul\u00e1s t\u00f6bb hull\u00e1m\u00e1t is  \t\t\t\t\t\u00e1tv\u00e9szelte, \u00e9s a lakosok \u2013 az \u00f6ssze\u00edr\u00e1sok tan\u00fas\u00e1ga szerint \u2013  \t\t\t\t\tegyre jobban elszeg\u00e9nyedtek. <strong>Eln\u00e9ptelened\u00e9s\u00e9t F\u00fclek 1682.  \t\t\t\t\t\u00e9vi ostrom\u00e1hoz k\u00f6thetj\u00fck<\/strong>, mikor a Th\u00f6k\u00f6ly Imre  \t\t\t\t\tseg\u00edts\u00e9g\u00e9re \u00e9rkez\u0151 budai pasa sereg\u00e9ben l\u00e9v\u0151 <strong>tat\u00e1rok  \t\t\t\t\telpuszt\u00edtott\u00e1k a vid\u00e9ket<\/strong>.<\/span><\/span><\/p>\n<p class=\"MsoNormal\" style=\"margin-left: 10px; margin-right: 5px;\"><span style=\"font-size: normal;\"><strong> <span style=\"letter-spacing: 0.2pt;\">Az 1690-es \u00e9vek k\u00f6zep\u00e9n  \t\t\t\t\tindult meg \u2013 nehezen \u2013 <\/span> <span style=\"letter-spacing: -0.3pt;\">a telep\u00fcl\u00e9s \u00fajra\u00e9led\u00e9se.  \t\t\t\t\tA G\u00f6m\u00f6r megyei Alm\u00e1gyr\u00f3l<\/span> telep\u00fcltek be az And\u00f3k<\/strong>,  \t\t\t\t\tkik a r\u00e9gi helyen igyekeztek gy\u00f6keret verni, sikertelen\u00fcl.  \t\t\t\t\tUgyanis a v\u00e1r alatti r\u00e9sz \u201e<em>er\u0151sen vesz\u00e9lyeztetett volt a  \t\t\t\t\tkatonai besz\u00e1ll\u00e1sol\u00e1sok szempontj\u00e1b\u00f3l, ennek elker\u00fcl\u00e9se  \t\t\t\t\tc\u00e9lj\u00e1b\u00f3l <strong>az eg\u00e9sz falu a szomsz\u00e9dos v\u00f6lgybe v\u00e1ndorolt \u00e1t<\/strong>.\u201d<\/em> Ez az <strong>1700-as \u00e9vek legelej\u00e9n <\/strong>t\u00f6rt\u00e9nhetett. Az \u00faj  \t\t\t\t\thelyen az 1720-as \u00e9vekt\u0151l megindult a lass\u00fa, fokozatos  \t\t\t\t\tgyarapod\u00e1s, melyet m\u00e1r nem a hadiesem\u00e9nyek, hanem a  \t\t\t\t\tterm\u00e9szeti adotts\u00e1gok befoly\u00e1soltak.<\/span><\/p>\n<p class=\"MsoNormal\" style=\"margin-left: 10px; margin-right: 5px;\"><span style=\"font-size: normal;\"> <span style=\"letter-spacing: 0.2pt;\">Az <strong>1860-as \u00e9vekt\u0151l<\/strong> azonban alapvet\u0151 v\u00e1ltoz\u00e1sok k\u00f6vetkeztek be a mindennapi  \t\t\t\t\t\u00e9letben. Kezdetben m\u00e9g nem \u00e9rintette annyira mag\u00e1t a falut,  \t\t\t\t\thogy <strong>gr\u00f3f Mik\u00f3 Imre birtok\u00e1n<\/strong>, az egykori v\u00e1r mellett,  \t\t\t\t\tK\u00e1rolyi-akna ter\u00fclet\u00e9n <strong>megindult a b\u00e1ny\u00e1szkod\u00e1s<\/strong>. A  \t\t\t\t\tlakoss\u00e1g figyelm\u00e9t egyel\u0151re a falu hat\u00e1r\u00e1ban l\u00e9v\u0151 f\u00f6ldek  \t\t\t\t\tbirtokviszony\u00e1nak rendez\u00e9se, a tagos\u00edt\u00e1s k\u00f6t\u00f6tte le.<\/span><\/span><\/p>\n<p class=\"MsoNormal\" style=\"text-align: center; text-indent: 0cm; margin-left: 10px; margin-right: 5px;\" align=\"center\"><img loading=\"lazy\" decoding=\"async\" src=\"http:\/\/baglyasalja.hu\/web\/multuzen_elemei\/image007.jpg\" border=\"0\" alt=\"\" width=\"336\" height=\"441\" \/><\/p>\n<p class=\"kpalrs\" style=\"margin-left: 10px; margin-right: 5px;\" align=\"center\"><span style=\"font-size: normal;\">B\u00e1nyakaszin\u00f3, ma di\u00e1kotthon<\/span><\/p>\n<p class=\"MsoNormal\" style=\"text-indent: 0cm; margin-left: 10px; margin-right: 5px;\"><span style=\"font-size: normal;\"> <span style=\"letter-spacing: 0.2pt;\">Hamarosan azonban m\u00e1r a  \t\t\t\t\tlakott helyek k\u00f6zel\u00e9ben kezd\u0151d\u00f6tt a b\u00e1nyam\u0171vel\u00e9s. Az igazi  \t\t\t\t\tv\u00e1ltoz\u00e1sok az <strong>1880-as \u00e9vekben<\/strong> indultak meg, mikor az \t\t\t\t\t<strong>\u00c9szak-<\/strong><\/span><strong>magyarorsz\u00e1gi Egyes\u00edtett K\u0151sz\u00e9nb\u00e1nya  \t\t\t\t\tIparv\u00e1lla<span style=\"letter-spacing: 0.2pt;\">latok Rt. (\u00c9KI  \t\t\t\t\tRt.)<\/span><\/strong><span style=\"letter-spacing: 0.2pt;\"> megkezdte az \u00fczemszer\u0171 b\u00e1ny\u00e1szatot \u00e9s n\u00f3gr\u00e1di b\u00e1ny\u00e1inak <strong> k\u00f6zpontj\u00e1t, igazgat\u00f3s\u00e1g\u00e1t Baglyasalj\u00e1n rendezte be<\/strong>.  \t\t\t\t\tHat\u00e1ssal volt ez a hagyom\u00e1nyos falusi k\u00f6z\u00f6ss\u00e9g boml\u00e1s\u00e1ra is.  \t\t\t\t\tEgyr\u00e9szt a f\u00f6ldb\u0151l meg\u00e9lni nem tud\u00f3 baglyasiak nem  \t\t\t\t\tk\u00e9nyszer\u00fcltek elv\u00e1ndorl\u00e1sra, mert a b\u00e1ny\u00e1k k\u00f6r\u00fcl tal\u00e1lhattak  \t\t\t\t\tmunk\u00e1t. Ugyanakkor a nagysz\u00e1m\u00fa idegen \u00e1ltal hozott nyelvvel  \t\t\t\t\t(1890-ben a lakoss\u00e1g 56 %-a nem magyar anyanyelv\u0171),  \t\t\t\t\tvall\u00e1ssal (addig csak<\/span> r\u00f3mai katolikusok voltak)  \t\t\t\t\tkapcsolatba ker\u00fclt a falu lakoss\u00e1ga. Az idegeneknek m\u00e1s volt  \t\t\t\t\ta napi \u00e9letritmusa \u00e9s m\u00e1s volt a viszonyuk, k\u00f6t\u0151d\u00e9s\u00fck a  \t\t\t\t\tf\u00f6ldh\u00f6z is. V\u00e1ltoztak a szok\u00e1sok \u00e9s a lakosok k\u00e9pzelet\u00e9ben  \t\t\t\t\tmegjelent a Bergmanik (Bergmanli, Pertmanyik) nev\u0171,  \t\t\t\t\t\u00e1ltal\u00e1ban j\u00f3indulat\u00fa t\u00f6rpe \u00e9s b\u00e1nyar\u00e9m. \u00daj telep\u00fcl\u00e9si forma,  \t\t\t\t\ta b\u00e1nyatelepek jelentek meg, melyek a munkahelyek k\u00f6zel\u00e9ben,  \t\t\t\t\tsokszor ideiglenes jelleggel \u00e9p\u00fcltek. A sz\u00e1zadfordul\u00f3ra a  \t\t\t\t\tk\u00f6zs\u00e9get \u00e9szakr\u00f3l f\u00e9lkar\u00e9jba fogt\u00e1k a telepek, s az 1920-as  \t\t\t\t\t\u00e9vekben ki\u00e9p\u00fclt a f\u0151utca ment\u00e9n az \u00c9KI Rt. igazgat\u00f3s\u00e1g\u00e1nak  \t\t\t\t\tk\u00f6zponti telepe. Itt kapott helyet az \u00e9lelemt\u00e1r \u00e9s az <strong> <span style=\"letter-spacing: 0.2pt;\">1923. janu\u00e1r 6-\u00e1n <\/span> <\/strong><span style=\"letter-spacing: 0.2pt;\">\u00e1tadott, V\u00e1gvecsei  \t\t\t\t\tWellis Andor tervei alapj\u00e1n \u00e9p\u00fclt <strong>b\u00e1nyakaszin\u00f3<\/strong>, mely  \t\t\t\t\ta telep\u00fcl\u00e9s kultur\u00e1lis k\u00f6zpontja lett. A kor\u00e1bbi b\u00e1nyatiszti  \t\t\t\t\t\u00e9s altiszti kaszin\u00f3 mellett l\u00e9trej\u00f6tt az iparosok \u00e9s a  \t\t\t\t\tb\u00e1nyamunk\u00e1sok olvas\u00f3k\u00f6re. Az egyes\u00fcletek k\u00f6nyvt\u00e1rainak,  \t\t\t\t\tk\u00f6z\u00f6ss\u00e9gi helyis\u00e9geinek, a vend\u00e9gszob\u00e1knak <\/span> <span style=\"letter-spacing: -0.3pt;\">\u00e9s a mozinak szint\u00e9n ez  \t\t\t\t\taz \u00e9p\u00fclet adott otthont.<\/span><span style=\"letter-spacing: -0.1pt;\"> <\/span><span style=\"letter-spacing: -0.3pt;\">Azonba<\/span>n a  \t\t\t\t\tk\u00f6zponti szerepet a <span style=\"letter-spacing: 0.1pt;\"> sz\u00ednh\u00e1zterem<\/span> t\u00f6lt\u00f6tte be, <\/span><\/p>\n<p class=\"MsoNormal\" style=\"text-align: center; text-indent: 0cm; margin-left: 10px; margin-right: 5px;\" align=\"center\"><img loading=\"lazy\" decoding=\"async\" src=\"http:\/\/baglyasalja.hu\/web\/multuzen_elemei\/image010.jpg\" border=\"0\" alt=\"\" width=\"336\" height=\"451\" \/><\/p>\n<p class=\"kpalrs\" style=\"margin-left: 10px; margin-right: 5px;\" align=\"center\"><span style=\"font-size: normal;\">R\u00f3mai katolikus templom<\/span><\/p>\n<p class=\"MsoNormal\" style=\"text-indent: 0cm; margin-left: 10px; margin-right: 5px;\"><span style=\"font-size: normal;\"> <span style=\"letter-spacing: -0.1pt;\">amely az \u00fcnneps\u00e9<\/span>gek,  \t\t\t\t\tb\u00e1lok mellett a f\u00fav\u00f3szenekar, a dal\u00e1rda, a t\u00e1nccsoport \u00e9s az  \t\t\t\t\t\u00f6ntev\u00e9keny sz\u00ednj\u00e1tsz\u00f3k pr\u00f3b\u00e1inak \u00e9s bemutat\u00f3inak helye volt.  \t\t\t\t\tA telep\u00fcl\u00e9sen \u00e1ramfejleszt\u0151, k\u00f3rh\u00e1z, posta, strand, v\u00e1g\u00f3h\u00edd  \t\t\t\t\t\u00e9s csend\u0151r\u0151rs is m\u0171k\u00f6d\u00f6tt. Nagyobb lend\u00fcletet kapott a  \t\t\t\t\tsport\u00e9let is, els\u0151sorban az <strong>1921 m\u00e1jus\u00e1ban alakult  \t\t\t\t\tBaglyasaljai Sport Egyes\u00fclet <\/strong>keret\u00e9ben.<\/span><\/p>\n<p class=\"MsoNormal\" style=\"margin-left: 10px; margin-right: 5px;\"><span style=\"font-size: normal;\">Ekkor m\u00e1r az eredeti falusi  \t\t\t\t\tlakoss\u00e1g jelent\u0151s r\u00e9sze \u2013 vagy k\u00f6zvetlen\u00fcl, vagy csal\u00e1dtagja  \t\t\t\t\tr\u00e9v\u00e9n \u2013 is k\u00f6t\u0151d\u00f6tt a b\u00e1ny\u00e1hoz \u00e9s r\u00e9szt vettek a b\u00e1ny\u00e1szok  \t\t\t\t\tmozgalmaiban is. De ezt mutatja az is, hogy az <strong>1830-as  \t\t\t\t\t\u00e9vekt\u0151l<\/strong> l\u00e9tez\u0151 <strong>k\u00f6zs\u00e9gi iskola<\/strong> napl\u00f3iban a sz\u00e1zad  \t\t\t\t\tv\u00e9g\u00e9t\u0151l a tanul\u00f3k sz\u00fcleinek foglalkoz\u00e1s\u00e1hoz leggyakrabban  \t\t\t\t\tvalamely b\u00e1ny\u00e1hoz k\u00f6t\u0151d\u0151 tev\u00e9kenys\u00e9get jegyeztek be. S nem  \t\t\t\t\tokozott probl\u00e9m\u00e1t az sem, hogy amikor \u201et\u00falzs\u00fafolt\u201d lett a  \t\t\t\t\tk\u00f6zs\u00e9gi iskola, a tanul\u00f3k egy r\u00e9sz\u00e9t \u00e1tir\u00e1ny\u00edtott\u00e1k az <strong> 1882-t\u0151l m\u0171k\u00f6d\u0151 t\u00e1rsulati iskol\u00e1ba.<\/strong> Szint\u00e9n a k\u00f6zs\u00e9g \u00e9s  \t\t\t\t\taz \u00c9KI Rt.-t 1925-ben mag\u00e1ba olvaszt\u00f3 Salg\u00f3tarj\u00e1ni  \t\t\t\t\tK\u0151sz\u00e9nb\u00e1nya Rt. egy\u00fcttm\u0171k\u00f6d\u00e9s\u00e9t jelzi, hogy a b\u00e1nya jelent\u0151s  \t\t\t\t\tt\u00e1mogat\u00e1st ny\u00fajtott a falu \u00e9s a k\u00f6zponti b\u00e1nyatelep hat\u00e1r\u00e1n  \t\t\t\t\ta <strong>templom<\/strong> fel\u00e9p\u00edt\u00e9s\u00e9hez, \t\t\t\t\t<span style=\"letter-spacing: 0.2pt;\">melyet <strong>1934. okt\u00f3ber  \t\t\t\t\t14-\u00e9n<\/strong> az eg\u00e9sz telep\u00fcl\u00e9st megmozgat\u00f3 \u00fcnneps\u00e9g keret\u00e9ben  \t\t\t\t\tszenteltek f\u00f6l. <strong>A fresk\u00f3kat, a sz\u00f3sz\u00e9k \u00e9s az olt\u00e1r  \t\t\t\t\tfarag\u00e1sait B\u00f3na Kov\u00e1cs K\u00e1roly fest\u0151- \u00e9s szobr\u00e1szm\u0171v\u00e9sz  \t\t\t\t\tk\u00e9sz\u00edtette. <\/strong><\/span><\/span><\/p>\n<p class=\"MsoNormal\" style=\"margin-left: 10px; margin-right: 5px;\"><span style=\"font-size: normal;\"><strong> <span style=\"letter-spacing: 0.2pt;\">1939-ben,<\/span><\/strong><span style=\"letter-spacing: 0.2pt;\"> k\u00f6zel 80 \u00e9v ut\u00e1n, <strong>megsz\u0171nt Baglyasalja k\u00f6zigazgat\u00e1si  \t\t\t\t\tter\u00fclet\u00e9n a f\u00f6ldalatti termel\u00e9s,<\/strong> de megmaradt az ezt  \t\t\t\t\tbiztos\u00edt\u00f3, kiszolg\u00e1l\u00f3 technikai b\u00e1zis. Az itt dolgoz\u00f3  \t\t\t\t\tszakemberek a II. vil\u00e1gh\u00e1bor\u00fa ut\u00e1n sokat tettek r\u00e9szben a  \t\t\t\t\tb\u00e1ny\u00e1k \u00fajraind\u00edt\u00e1s\u00e1\u00e9rt, r\u00e9szben a vas\u00fati k\u00f6zleked\u00e9s  \t\t\t\t\tbiztos\u00edt\u00e1s\u00e1\u00e9rt v\u00e1g\u00e1nyok, hidak, teherkocsik jav\u00edt\u00e1s\u00e1val. A  \t\t\t\t\tfokozatosan norma<\/span>liz\u00e1l\u00f3d\u00f3 <\/span><\/p>\n<p class=\"MsoNormal\" style=\"text-align: center; text-indent: 0cm; margin-left: 10px; margin-right: 5px;\" align=\"center\"><img loading=\"lazy\" decoding=\"async\" src=\"http:\/\/baglyasalja.hu\/web\/multuzen_elemei\/image007.jpg\" border=\"0\" alt=\"\" width=\"336\" height=\"441\" \/><\/p>\n<p class=\"kpalrs\" style=\"margin-left: 10px; margin-right: 5px;\" align=\"center\"><span style=\"font-size: normal;\">B\u00f3na-f\u00e9le szabadiskola<\/span><\/p>\n<p class=\"MsoNormal\" style=\"margin-left: 10px; margin-right: 5px;\"><span style=\"font-size: normal;\"> \u00e9let \u00faj viszonyai k\u00f6z\u00f6tt a  \t\t\t\t\tk\u00f6zs\u00e9g vezet\u0151inek szembe kellett n\u00e9zni azzal, hogy tov\u00e1bbra  \t\t\t\t\tis \u00f6n\u00e1ll\u00f3an igyekeznek megoldani a feladatokat, vagy  \t\t\t\t\tfeladj\u00e1k az \u00f6n\u00e1ll\u00f3s\u00e1got \u00e9s k\u00f6zigazgat\u00e1silag Salg\u00f3tarj\u00e1nhoz  \t\t\t\t\tcsatlakoznak. Salg\u00f3tarj\u00e1n k\u00f6zels\u00e9ge, v\u00e1ross\u00e1 v\u00e1l\u00e1sa \t\t\t\t\t<span style=\"letter-spacing: 0.2pt;\">egyre jobban \u00e9reztette  \t\t\t\t\that\u00e1s\u00e1t. 1939-t\u0151l ez m\u00e9g ink\u00e1bb feler\u0151s\u00f6d\u00f6tt, hisz a  \t\t\t\t\tbaglyasiak sz\u00e1m\u00e1ra munkalehet\u0151s\u00e9g d\u00f6nt\u0151en a v\u00e1ros \u00fczemeiben  \t\t\t\t\tvolt. A munk\u00e1n k\u00edv\u00fcl a szellemi-kultur\u00e1lis kapcsolatok is  \t\t\t\t\tfokozatosan szorosabbak lettek. Kezd\u0151d\u00f6tt azzal, hogy az  \t\t\t\t\tegyes\u00fcletek kapcsolatokat kerestek, tagjaik egym\u00e1s  \t\t\t\t\trendezv\u00e9nyeit l\u00e1togatt\u00e1k, az 1920-as \u00e9vek k\u00f6zep\u00e9n pedig a  \t\t\t\t\tsalg\u00f3tarj\u00e1ni nagyv\u00e1llalatok \u00e1ltal fel\u00e1ll\u00edtott gimn\u00e1zium sok  \t\t\t\t\ttan\u00e1r\u00e1nak az SKB Rt. Baglyasalj\u00e1n biztos\u00edtott lak\u00e1st, akik a  \t\t\t\t\thelyi kultur\u00e1lis \u00e9letbe is bekapcsol\u00f3dtak. Mindez <strong>1946-<\/strong>t\u00f3l  \t\t\t\t\tb\u0151v\u00fclt a <strong>B\u00f3na Kov\u00e1cs K\u00e1roly <\/strong>\u00e1ltal vezetett <strong>Munk\u00e1s  \t\t\t\t\tM\u0171v\u00e9szeti F\u0151iskola <\/strong>itteni elhelyez\u00e9s\u00e9vel. <strong>Ebben az  \t\t\t\t\t\u00e9vben \u2013 <\/strong>a Magyar N\u0151k Demokratikus Sz\u00f6vets\u00e9ge helyi  \t\t\t\t\tcsoportja kezdem\u00e9nyez\u00e9s\u00e9re \u2013 <strong>szervez\u0151d\u00f6tt meg az \u00f3voda is<\/strong>.<\/span><\/span><\/p>\n<p class=\"MsoNormal\" style=\"margin-left: 10px; margin-right: 5px;\"><span style=\"font-size: normal;\">A k\u00f6zs\u00e9g vezet\u0151i v\u00e9g\u00fcl a  \t\t\t\t\trealit\u00e1sok ment\u00e9n <strong>1950-ben<\/strong> \u2013 a megyesz\u00e9khelly\u00e9  \t\t\t\t\tel\u0151l\u00e9pett \u2013 <strong>Salg\u00f3tarj\u00e1nhoz csatlakoz\u00e1s<\/strong> mellett  \t\t\t\t\td\u00f6nt\u00f6ttek. A v\u00e1rosi keretbe tartoz\u00e1s kett\u0151s hat\u00e1ssal volt a  \t\t\t\t\thajdani k\u00f6zs\u00e9gre. A k\u00f6rny\u00e9ken a b\u00e1ny\u00e1szati tev\u00e9kenys\u00e9g  \t\t\t\t\tfokoza<span style=\"letter-spacing: -0.1pt;\">tos megsz\u0171n\u00e9se, az  \t\t\t\t\t\u00faj gener\u00e1ci\u00f3k meg\u00e9lhet\u00e9s\u00e9t egyre ink\u00e1bb a v\u00e1roshoz kapcsolta  \t\t\t\t\tmunkahelyeik r\u00e9v\u00e9n, \u00e9s ez \u00f3hatatlanul a kor\u00e1bbi k\u00f6t\u0151d\u00e9sek  \t\t\t\t\tlazul\u00e1s\u00e1t eredm\u00e9nyezte. Ugyanakkor a telep\u00fcl\u00e9sr\u00e9sz csal\u00e1di  \t\t\t\t\th\u00e1zas jellege az 1970-es \u00e9vekt\u0151l n\u00f6velte a bek\u00f6lt\u00f6z\u0151k  \t\t\t\t\tsz\u00e1m\u00e1t, s \u00edgy az infrastrukt\u00fara fejleszt\u00e9se is nagyobb  \t\t\t\t\thangs\u00falyt kapott. A rendszeres aut\u00f3busz k\u00f6zleked\u00e9s  \t\t\t\t\tmegk\u00f6vetelte a f\u0151\u00fat rendbe t\u00e9tel\u00e9t, il<\/span>letve ehhez \t\t\t\t\t<span style=\"letter-spacing: 0.2pt;\">kapcsol\u00f3dva a patakmeder  \t\t\t\t\tszab\u00e1lyoz\u00e1s\u00e1t, az \u00faj h\u00e1zak sora az utc\u00e1k kialak\u00edt\u00e1s\u00e1t. <strong> Igazi min\u0151s\u00e9gi v\u00e1ltoz\u00e1s <\/strong>azonban <strong>a 90-es \u00e9vek elej\u00e9t\u0151l  \t\t\t\t\tindult<\/strong> a v\u00edz- \u00e9s g\u00e1zh\u00e1l\u00f3zat ki\u00e9p\u00edt\u00e9s\u00e9vel, a  \t\t\t\t\ttelefonh\u00e1l\u00f3zat b\u0151v\u00edt\u00e9s\u00e9vel, a k\u00e1belt\u00e9v\u00e9 bevezet\u00e9s\u00e9vel. A  \t\t\t\t\tcsatornah\u00e1l\u00f3zat l\u00e9tes\u00edt\u00e9se napjainkban fejez\u0151d\u00f6tt be. A  \t\t\t\t\tbaglyasaljai v\u00e1rosr\u00e9sz lak\u00f3iak sz\u00e1ma az <strong>ezredfordul\u00f3  \t\t\t\t\tt\u00e1j\u00e1n kb. 1600 f\u0151 <\/strong>volt.<\/span> <\/span><\/p>\n<p class=\"MsoNormal\" style=\"margin-left: 10px; margin-right: 5px;\"><span style=\"font-size: normal;\"> A k\u00f6z\u00f6ss\u00e9gi \u00e9s kultur\u00e1lis  \t\t\t\t\t\u00e9let f\u0151 sz\u00edntere 1950 ut\u00e1n is hossz\u00fa id\u0151n \u00e1t, a 60-as \u00e9vek  \t\t\t\t\tv\u00e9g\u00e9ig, az egykori b\u00e1nyakaszin\u00f3ban m\u0171k\u00f6d\u0151 m\u0171vel\u0151d\u00e9si otthon  \t\t\t\t\tvolt. 1953-t\u00f3l ez lett az \u00c1llami Falusz\u00ednh\u00e1z ter\u00fcleti  \t\t\t\t\tb\u00e1zishelye is. \u00daj funkci\u00f3t az \u00e9p\u00fclet 1971 elej\u00e9t\u0151l kapott,  \t\t\t\t\tmikor ide k\u00f6lt\u00f6ztett\u00e9k az <strong>1967. m\u00e1rcius 1<\/strong>. \u00f3ta m\u0171k\u00f6d\u0151 \t\t\t\t\t<strong>H\u00e9tk\u00f6zi Di\u00e1kotthont. <\/strong>Ezzel egy\u00fctt<strong> <\/strong>az \u00e1ltal\u00e1nos  \t\t\t\t\tiskola feladata is b\u0151v\u00fclt, hisz a di\u00e1kotthon lak\u00f3i szint\u00e9n  \t\t\t\t\titt tanulnak. Az <strong>iskola 1997-ben<\/strong>, a m\u0171v\u00e9sz  \t\t\t\t\tsz\u00fclet\u00e9s\u00e9nek 100. \u00e9vfordul\u00f3j\u00e1n felvette <strong>B\u00f3na Kov\u00e1cs  \t\t\t\t\tK\u00e1roly<\/strong> nev\u00e9t. Ugyanekkor utc\u00e1t is neveztek el r\u00f3la  \t\t\t\t\tBaglyasalj\u00e1n. <\/span><\/p>\n<p class=\"MsoNormal\" style=\"margin-left: 10px; margin-right: 5px;\"><span style=\"font-size: normal;\"> <span style=\"letter-spacing: 0.2pt;\">A hagyom\u00e1nyok \u00e1pol\u00e1s\u00e1t,  \t\t\t\t\ta v\u00e1rosr\u00e9sz k\u00f6z\u00f6ss\u00e9gi \u00e9let\u00e9nek szervez\u00e9s\u00e9t a <strong>Magyar  \t\t\t\t\tV\u00f6r\u00f6skereszt<\/strong> \u00e9vtizedek \u00f3ta m\u0171k\u00f6d\u0151 <strong>helyi szervezete<\/strong>,  \t\t\t\t\taz <strong>1996 <\/strong>m\u00e1jus\u00e1ban alakult <strong>Baglyasalja Bar\u00e1tainak  \t\t\t\t\tK\u00f6re <\/strong>\u00e9s az ugyanebben az \u00e9vben l\u00e9tes\u00fclt<strong> Polg\u00e1r\u0151r  \t\t\t\t\tEgyes\u00fclet<\/strong> v\u00e1llalta fel. <strong>2003. <\/strong>m\u00e1jusa \u00f3ta m\u0171k\u00f6dik  \t\t\t\t\ta <strong>Baglyasaljai Fiatalok Bar\u00e1ti K\u00f6re <\/strong>is. Sok embert  \t\t\t\t\tmozg\u00f3s\u00edt \u2013 az imm\u00e1r<strong> 85 \u00e9ves, <\/strong>1970-t\u0151l a N\u00f3gr\u00e1d Vol\u00e1n  \t\t\t\t\tRt. t\u00e1mogat\u00e1s\u00e1val m\u0171k\u00f6d\u0151 \u2013 <strong>Baglyasaljai Sport Egyes\u00fclet.<\/strong><\/span><\/span><\/p>\n<p class=\"MsoNormal\" style=\"margin-left: 10px; margin-right: 5px;\"><span style=\"font-size: normal;\">A v\u00e1rosr\u00e9sz legl\u00e1tv\u00e1nyosabb  \t\t\t\t\tkultur\u00e1lis esem\u00e9nye az \u00e9vtizedes m\u00falt\u00fa <strong>Baglyasi Napok<\/strong> rendezv\u00e9nysorozata, illetve a <strong>P\u00fcnk\u00f6sdi Hangverseny<\/strong>. <\/span><\/p>\n<p align=\"left\">\n","protected":false},"excerpt":{"rendered":"<p>Cs. Sebesty\u00e9n K\u00e1lm\u00e1n A M\u00daLT \u00dcZENETE Ha Salg\u00f3tarj\u00e1nt\u00f3l \u00e9szaknyugati ir\u00e1nyba, a Karancs fel\u00e9 elindulunk, s el\u00e9rj\u00fck azt az \u00e1tj\u00e1r\u00f3t, mely a Dobroda-patak v\u00f6lgy\u00e9be vezet, egy furcsa term\u00e9szeti k\u00e9pz\u0151dm\u00e9nyt l\u00e1thatunk: a v\u00f6lgyfen\u00e9kb\u0151l kett\u0151s bazaltszikla, vagy&#46;&#46;&#46;<\/p>\n","protected":false},"author":1,"featured_media":0,"parent":5,"menu_order":5,"comment_status":"open","ping_status":"open","template":"","meta":{"footnotes":""},"class_list":["post-8","page","type-page","status-publish","hentry"],"_links":{"self":[{"href":"http:\/\/www.baglyasalja.hu\/baglyas\/index.php?rest_route=\/wp\/v2\/pages\/8","targetHints":{"allow":["GET"]}}],"collection":[{"href":"http:\/\/www.baglyasalja.hu\/baglyas\/index.php?rest_route=\/wp\/v2\/pages"}],"about":[{"href":"http:\/\/www.baglyasalja.hu\/baglyas\/index.php?rest_route=\/wp\/v2\/types\/page"}],"author":[{"embeddable":true,"href":"http:\/\/www.baglyasalja.hu\/baglyas\/index.php?rest_route=\/wp\/v2\/users\/1"}],"replies":[{"embeddable":true,"href":"http:\/\/www.baglyasalja.hu\/baglyas\/index.php?rest_route=%2Fwp%2Fv2%2Fcomments&post=8"}],"version-history":[{"count":0,"href":"http:\/\/www.baglyasalja.hu\/baglyas\/index.php?rest_route=\/wp\/v2\/pages\/8\/revisions"}],"up":[{"embeddable":true,"href":"http:\/\/www.baglyasalja.hu\/baglyas\/index.php?rest_route=\/wp\/v2\/pages\/5"}],"wp:attachment":[{"href":"http:\/\/www.baglyasalja.hu\/baglyas\/index.php?rest_route=%2Fwp%2Fv2%2Fmedia&parent=8"}],"curies":[{"name":"wp","href":"https:\/\/api.w.org\/{rel}","templated":true}]}}