{"id":590,"date":"2009-11-18T12:06:40","date_gmt":"2009-11-18T10:06:40","guid":{"rendered":"http:\/\/www.baglyasalja.hu\/baglyas\/?page_id=590"},"modified":"2010-10-28T10:09:58","modified_gmt":"2010-10-28T08:09:58","slug":"700-eves-baglyas","status":"publish","type":"page","link":"http:\/\/www.baglyasalja.hu\/baglyas\/?page_id=590","title":{"rendered":"700 \u00e9ves Baglyask\u0151 v\u00e1ra"},"content":{"rendered":"<p><img loading=\"lazy\" decoding=\"async\" class=\"alignleft\" src=\"http:\/\/baglyasalja.hu\/web\/multuzen_elemei\/image004.jpg\" alt=\"\" width=\"336\" height=\"355\" \/>A v\u00e1rat, melynek pontos keletkez\u00e9si idej\u00e9t nem ismerj\u00fck val\u00f3sz\u00edn\u0171leg a tat\u00e1rj\u00e1r\u00e1s ut\u00e1n \u00e9p\u00fclhetett-, a Kacsics nemzets\u00e9ghez tartoz\u00f3 Ill\u00e9s lesz\u00e1rmazottjai \u00e9p\u00edtett\u00e9k. A term\u00e9szet alkotta v\u00e9d\u0151m\u0171vet \u2013 Baglyask\u0151 k\u00e9t\u00e1g\u00fa megk\u00f6vesedett l\u00e1vaoszlop\u00e1t \u2013 k\u0151fallal vett\u00e9k k\u00f6r\u00fcl \u00e9s t\u00f6bbszintes, toronyszer\u0171 gerendav\u00e1rat alak\u00edtottak ki. I. Ill\u00e9st Tarj\u00e1n f\u00f6ldesurak\u00e9nt eml\u00edtik az 1227 \u00e9s 1243 k\u00f6z\u00f6tt keletkezett oklevelek. Egyik fi\u00e1t I. Mih\u00e1lyt a f\u00fcleki rokon Simon fia Folkus gyilkoltatta meg. M\u00e1sik fi\u00e1nak I. P\u00e9ternek \u00f6t fi\u00e1t ismeri a szakirodalom: II. Mih\u00e1ly, Lenst\u00e1k, J\u00e1k\u00f3, Mikus \u00e9s II. P\u00e9ter n\u00e9ven.<\/p>\n<p>Val\u00f3sz\u00edn\u0171leg ezt a v\u00e1rat eml\u00edtik az 1268-as oklevelek. Az er\u0151d\u00edtm\u00e9ny 1300-as \u00e9vek elej\u00e9n fontos \u00fatellen\u0151rz\u0151 pont volt. Az 1310-es \u00e9vekben II. P\u00e9ter volt Baglyask\u0151 v\u00e1r\u00e1nak ura.Erre az \u00e9vre dat\u00e1lhat\u00f3 Baglyask\u0151\u00a0 &#8222;Baglyaskw\u201dels\u0151 \u00edr\u00e1sos eml\u00edt\u00e9se.<\/p>\n<p><img loading=\"lazy\" decoding=\"async\" class=\"alignleft\" src=\"http:\/\/www.baglyasalja.hu\/web\/multuzen_elemei\/var2.jpg\" alt=\"\" width=\"274\" height=\"450\" \/>Az ismert t\u00f6rt\u00e9nelmi esem\u00e9nyek folyam\u00e1n a Kacsics nemzetts\u00e9g t\u00f6bb v\u00e1rukkal egyetemben Baglyast is \u00e1tadta a Trencs\u00e9ni oligarcha Cs\u00e1k M\u00e1t\u00e9nak. s ennek oldal\u00e1n harcoltak I. K\u00e1roly\/ K\u00e1roly R\u00f3bert\/ kir\u00e1ly ellen. A\u00a0 kir\u00e1ly azonban 1312-ben a rozgonyi csat\u00e1ban a l\u00e1zad\u00f3kat legy\u0151zte, birtokaikat elvette, \u00e9s azokat h\u0171s\u00e9ges embereinek adom\u00e1nyozta. \u00cdgy kapta meg 1324-ben kir\u00e1lyi adom\u00e1nyk\u00e9nt a h\u0171tlens\u00e9gbe esett fiakt\u00f3l elvett birtokokkal egy\u00fct &#8222;Baglyaskw\u201d\/ &#8221; Castrum Boglas&#8221; nev\u0171 birtokot \u00e9s tartoz\u00e9kait a szint\u00e9n Kacsics nemzets\u00e9gbeli \u2013 a Folkus \u00e1ghoz tartoz\u00f3 \u2013 Sz\u00e9cs\u00e9nyi Tam\u00e1s erd\u00e9lyi vajda.\u00a0 A hagyom\u00e1ny szerint a rozgonyi csata ut\u00e1n Baglyask\u0151 v\u00e1r\u00e1t I. K\u00e1roly leromboltatta, lak\u00f3it megcsonk\u00edttatta, \u0151k telep\u00edtett\u00e9k be az Etes melletti B\u00e9na-v\u00f6lgyet.<\/p>\n<p style=\"text-align: left;\"><strong>\u201eGy\u0171jts\u00fck \u00f6ssze \u00e9s \u0151rizz\u00fck eml\u00e9keinket, nehogy v\u00e9gleg elvesszenek, s ez\u00e1ltal is \u00fcresebb<br \/>\nlegyen a m\u00falt, szeg\u00e9nyebb a jelen, k\u00e9tesebb a j\u00f6v\u0151.\u201d<\/strong><\/p>\n<p style=\"text-align: left;\">\n<p style=\"text-align: left;\">\n<p style=\"text-align: right;\"><em>(Ipolyi Arnold)<\/em><\/p>\n<p style=\"text-align: left;\">\n<p>A fenti figyelmeztet\u00e9s arra \u00f6szt\u00f6n\u00f6z, hogy id\u0151nk\u00e9nt a m\u00faltba, ak\u00e1r a r\u00e9gm\u00faltba ford\u00edtsuk tekintet\u00fcnket. Nemcsak az eml\u00e9kezet meg\u0151rz\u00e9se miatt, hanem az\u00e9rt is, hogy a k\u00f6vetkeztet\u00e9seket jelen\u00fcnkre, j\u00f6v\u0151nkre vet\u00edts\u00fck.<\/p>\n<p>K\u00f6rny\u00e9k\u00fcnk r\u00e9gm\u00faltj\u00e1nak, a 700, 750 \u00e9v el\u0151tti esem\u00e9nyei m\u00e1ig hat\u00f3 tanuls\u00e1gokat hordoznak. Tanuls\u00e1gos, ahogyan el\u0151deink a korabeli kih\u00edv\u00e1sokra reag\u00e1ltak. Els\u0151k\u00e9nt eml\u00edthetj\u00fck a v\u00e1rak \u00e9p\u00edt\u00e9s\u00e9t, vagy a templomos helyek kijel\u00f6l\u00e9s\u00e9t \u00e9s l\u00e9tes\u00edt\u00e9s\u00e9t. (Tarj\u00e1n falut az 1300-as \u00e9vek els\u0151 harmad\u00e1nak v\u00e9g\u00e9n m\u00e1r templomos helyk\u00e9nt, vagyis valamif\u00e9le t\u00e9rs\u00e9gi k\u00f6zpontk\u00e9nt eml\u00edtik.) Vagy az a d\u00f6nt\u00e9s, hogy a v\u00e9gs\u0151 pusztul\u00e1st elker\u00fclend\u0151, a falu lak\u00f3i a XVII. sz\u00e1zad v\u00e9g\u00e9n \u00faj helyre, a mai hely\u00e9re telep\u00edtett\u00e9k \u00e1t Baglyasalj\u00e1t.<\/p>\n<div style=\"width: 610px\" class=\"wp-caption aligncenter\"><a href=\"http:\/\/blog.tarjanikepek.hu\/wp-content\/fotopanorama\/baglyasko.jpg\"><img loading=\"lazy\" decoding=\"async\" src=\"http:\/\/blog.tarjanikepek.hu\/wp-content\/foto71\/7200d.jpg\" alt=\"Baglyask\u0151 maradv\u00e1nyai\" width=\"600\" height=\"400\" \/><\/a><p class=\"wp-caption-text\">Baglyask\u0151 maradv\u00e1nyai<\/p><\/div>\n<p>Salg\u00f3tarj\u00e1n egyes v\u00e1rosr\u00e9szei \u00e9s t\u00f6bb k\u00f6zelebbi-t\u00e1volabbi telep\u00fcl\u00e9s m\u00faltja szorosan k\u00f6t\u0151dik egym\u00e1shoz. (Holl\u00f3k\u0151, Somosk\u0151, F\u00fclek, Salg\u00f3, Sz\u00e9cs\u00e9ny, Zagyvaf\u0151 v\u00e1ra \u00e9s vid\u00e9ke is Kacsics birtok volt.) Ez\u00e9rt, egy a k\u00f6rny\u00e9k\u00fcnkre kiterjed\u0151 rendezv\u00e9nysorozatot kezdem\u00e9nyezt\u00fcnk, amely a sz\u00e9lesebb k\u00f6zv\u00e9lem\u00e9ny \u2013 mindenekel\u0151tt a tanul\u00f3ifj\u00fas\u00e1g \u2013 figyelm\u00e9t r\u00e9gm\u00faltunk n\u00e9h\u00e1ny jellemz\u0151, izgalmas esem\u00e9ny\u00e9re ir\u00e1ny\u00edtva, hagyom\u00e1ny\u0151rz\u0151, hagyom\u00e1nytisztel\u0151 funkci\u00f3t t\u00f6lthet be. A XIII:-XIV. sz\u00e1zad fordul\u00f3j\u00e1n t\u00f6rt\u00e9ntek felid\u00e9z\u00e9s\u00e9re j\u00f3 alkalom 2010-es esztend\u0151, Baglyask\u0151 v\u00e1ra els\u0151 okleveles eml\u00edt\u00e9s\u00e9nek kerek 700 \u00e9ves \u00e9vfordul\u00f3ja.<\/p>\n<p>Az aj\u00e1nlott rendezv\u00e9nysorozat \u2013 amely, ki\u00e1ll\u00edt\u00e1sokat, bemutat\u00f3kat, hangversenyeket, p\u00e1ly\u00e1zatokat, tudom\u00e1nyos tan\u00e1cskoz\u00e1sokat, kiadv\u00e1nyok megjelentet\u00e9s\u00e9t, stb. tartalmaz \u2013 tov\u00e1bb oldhatja v\u00e1rosunk gy\u00f6k\u00e9rtelens\u00e9g\u00e9r\u0151l, m\u0171eml\u00e9k-n\u00e9lk\u00fclis\u00e9g\u00e9r\u0151l elterjedt beidegz\u0151d\u00e9seket, k\u00f6zgondolkod\u00e1st.<\/p>\n<div style=\"width: 610px\" class=\"wp-caption aligncenter\"><a href=\"http:\/\/blog.tarjanikepek.hu\/wp-content\/fotopanorama\/baglyasko.jpg\"><img loading=\"lazy\" decoding=\"async\" src=\"http:\/\/blog.tarjanikepek.hu\/wp-content\/fotopanorama\/menu\/baglyaskomenu.jpg\" alt=\"\" width=\"600\" height=\"127\" \/><\/a><p class=\"wp-caption-text\">Baglyask\u0151 - K\u0151v\u00e1r<\/p><\/div>\n<p style=\"text-align: center;\">\n","protected":false},"excerpt":{"rendered":"<p>A v\u00e1rat, melynek pontos keletkez\u00e9si idej\u00e9t nem ismerj\u00fck val\u00f3sz\u00edn\u0171leg a tat\u00e1rj\u00e1r\u00e1s ut\u00e1n \u00e9p\u00fclhetett-, a Kacsics nemzets\u00e9ghez tartoz\u00f3 Ill\u00e9s lesz\u00e1rmazottjai \u00e9p\u00edtett\u00e9k. A term\u00e9szet alkotta v\u00e9d\u0151m\u0171vet \u2013 Baglyask\u0151 k\u00e9t\u00e1g\u00fa megk\u00f6vesedett l\u00e1vaoszlop\u00e1t \u2013 k\u0151fallal vett\u00e9k k\u00f6r\u00fcl \u00e9s&#46;&#46;&#46;<\/p>\n","protected":false},"author":1,"featured_media":0,"parent":903,"menu_order":2,"comment_status":"open","ping_status":"open","template":"","meta":{"footnotes":""},"class_list":["post-590","page","type-page","status-publish","hentry"],"_links":{"self":[{"href":"http:\/\/www.baglyasalja.hu\/baglyas\/index.php?rest_route=\/wp\/v2\/pages\/590","targetHints":{"allow":["GET"]}}],"collection":[{"href":"http:\/\/www.baglyasalja.hu\/baglyas\/index.php?rest_route=\/wp\/v2\/pages"}],"about":[{"href":"http:\/\/www.baglyasalja.hu\/baglyas\/index.php?rest_route=\/wp\/v2\/types\/page"}],"author":[{"embeddable":true,"href":"http:\/\/www.baglyasalja.hu\/baglyas\/index.php?rest_route=\/wp\/v2\/users\/1"}],"replies":[{"embeddable":true,"href":"http:\/\/www.baglyasalja.hu\/baglyas\/index.php?rest_route=%2Fwp%2Fv2%2Fcomments&post=590"}],"version-history":[{"count":0,"href":"http:\/\/www.baglyasalja.hu\/baglyas\/index.php?rest_route=\/wp\/v2\/pages\/590\/revisions"}],"up":[{"embeddable":true,"href":"http:\/\/www.baglyasalja.hu\/baglyas\/index.php?rest_route=\/wp\/v2\/pages\/903"}],"wp:attachment":[{"href":"http:\/\/www.baglyasalja.hu\/baglyas\/index.php?rest_route=%2Fwp%2Fv2%2Fmedia&parent=590"}],"curies":[{"name":"wp","href":"https:\/\/api.w.org\/{rel}","templated":true}]}}