{"id":50,"date":"2008-04-24T15:55:17","date_gmt":"2008-04-24T13:55:17","guid":{"rendered":"http:\/\/baglyasalja.hu\/baglyas\/?page_id=56"},"modified":"2008-04-24T15:55:17","modified_gmt":"2008-04-24T13:55:17","slug":"szolnoki-peterne","status":"publish","type":"page","link":"http:\/\/www.baglyasalja.hu\/baglyas\/?page_id=50","title":{"rendered":"Szolnoki P\u00e9tern\u00e9"},"content":{"rendered":"<p class=\"MsoNormal\" style=\"margin-left: 15px; margin-right: 15px;\" align=\"center\"><a name=\"szolnokine\"> <img loading=\"lazy\" decoding=\"async\" src=\"..\/..\/web\/tortenet_elemei\/foto\/emb32.jpg\" border=\"0\" alt=\"\" width=\"450\" height=\"360\" \/><\/a><\/p>\n<p>&#8211; Am\u00edg az \u00e9desapja katon\u00e1skodott, kire maradt a hentesbolt? &#8211; Any\u00e1m vitte tov\u00e1bb az \u00fczletet, mert \u00e9ln\u00fcnk kellett. \u00c9n m\u00e1r nagyobbacska l\u00e1ny voltam, de az \u00f6cs\u00e9m m\u00e9g kiskor\u00fa. K\u00f6zben megk\u00e9rt\u00e9k any\u00e1mat, hogy v\u00e1llalja el a b\u00e1nyasz\u00e9k vezet\u00e9s\u00e9t, amely ott volt a magazin \u00e9p\u00fclet\u00e9ben. Mikulik Guszti b\u00e1csit adt\u00e1k mell\u00e9. \u0150 v\u00e1gott, any\u00e1m m\u00e9rte a h\u00fast, \u00e9n meg a p\u00e9nzt szedtem. El\u00e9g j\u00f3l boldogultunk, csakhogy a h\u00e1bor\u00fa ut\u00e1n a p\u00e9nz\u00fcnk semmiv\u00e9 lett. Nagyon nehezen, de \u00fajraindultunk a saj\u00e1t \u00fczlet\u00fcnkkel. Volt Salg\u00f3tarj\u00e1nban a Karancs utc\u00e1ban egy fiatal hentes, Holubnak h\u00edvt\u00e1k. T\u0151l\u00fck kaptunk egy f\u00e9l diszn\u00f3t \u00e9s egy negyed marh\u00e1t. L\u00e1tta k\u00e9ts\u00e9gbeesett helyzet\u00fcnket \u00e9s azt mondta: ha majd p\u00e9nz\u00fcnk lesz, fizet\u00fcnk \u00e9rte. &#8211; Gondolom, ezut\u00e1n is elkelt a seg\u00edts\u00e9g az \u00e9desanyj\u00e1nak? &#8211; Igen, hiszen m\u00e1sra nem sz\u00e1m\u00edthatott. Salg\u00f3tarj\u00e1nba j\u00e1rtam a Chorin Ferenc Gimn\u00e1ziumba. Reggel megraktuk a nagy kosarat h\u00fassal \u00e9s vittem a tisztisorra Dubovszky\u00e9khoz, Sinkovics\u00e9khoz, Cs\u00e1sz\u00e1r\u00e9khoz, Martiny\u00e9khoz. Az utols\u00f3 h\u00e1zban Alm\u00e1si\u00e9k laktak. N\u00e1luk hagytam a kosarat \u00e9s amikor hazafel\u00e9 j\u00f6ttem aziskol\u00e1b\u00f3l, felvettem a m\u00e1snapi rendel\u00e9seket. A negyedik oszt\u00e1lyt m\u00e1r nem is kezdtem el, any\u00e1mnak seg\u00edtettem a boltban. Dolfi, az any\u00e1m \u00f6ccse, aki ap\u00e1mt\u00f3l leste el a mesters\u00e9get, lesz\u00farta a diszn\u00f3t \u00e9s ment a b\u00e1ny\u00e1ba. A t\u00f6bbi munka r\u00e1nk maradt, \u00fagy dolgoztunk any\u00e1mmal, mint a f\u00e9rfiak &#8211; Akkor ment az \u00fczlet? &#8211; El\u00e9g j\u00f3l. Gyorsan vissza is fogt\u00e1k azt az ell\u00e1t\u00e1st, amit any\u00e1m \u00e9s az \u00f6cs\u00e9m kapott ap\u00e1m ut\u00e1n. Arra hivatkoztak, hogy megvan a meg\u00e9lhet\u00e9s\u00fcnk. Azt\u00e1n 1952-ben se sz\u00f3, se besz\u00e9d elvett\u00e9k t\u0151l\u00fcnk az \u00fczletet. Egyetlen fill\u00e9rt sem kaptunk \u00e9rte. Alig pakoltunk ki, m\u00e1r benne is volt a fodr\u00e1sz\u00fczlet \u00e9s \u00f6t \u00e9vig ott is maradt. Akkor any\u00e1m azt mondta az \u00f6cs\u00e9mnek: fiam, ha azt akarod, hogy a lak\u00e1st ne adj\u00e1k oda \u00fajra m\u00e1snak, bontsd el a bej\u00e1r\u00f3t, a kirakatot \u00e9s rakj a hely\u00e9be egy ablakot. Akkor m\u00e1r azt besz\u00e9lgett\u00e9k, hogy tal\u00e1n cip\u00e9szt k\u00f6lt\u00f6ztetnek oda. Egyetlen \u00e9jszaka alatt elbontottunk mindent. Az \u00f6cs\u00e9m ma is abban a h\u00e1zban lakik. &#8211; Az \u00e9desanyja sokat pr\u00f3b\u00e1lt, dolgos asszony volt. Mihez kezdett ezut\u00e1n? &#8211; Egy darabig dolgozott a f\u00f6lddel, mert nemcsak a r\u00e9gi \u00f6regek, \u0151 is ragaszkodott ahhoz a kis birtokhoz, amit meg\u00f6r\u00f6k\u00f6lt. Egyszer azt\u00e1n gondolt egyet, elment Salg\u00f3tarj\u00e1nba a kiskereskedelmi v\u00e1llalat k\u00f6zpontj\u00e1ba gondnokn\u0151nek. T\u00edz \u00e9vig volt ott, kapott 600 forint nyugd\u00edjat. &#8211; K\u00f6zben a gyermekl\u00e1nyb\u00f3l nagyl\u00e1ny lett, f\u00e9rjhez ment. &#8211; Igen, Szolnoki P\u00e9terhez. A f\u00e9rjem \u00e1llatorvosnak tanult, k\u00e9t \u00e9vet el is v\u00e9gzett, amikor bevitt\u00e9k katon\u00e1nak. Leszerelt, s folytatta a tanulm\u00e1nyait, de egy \u00e9v ut\u00e1n eltan\u00e1csolt\u00e1k az egyetemr\u0151l\u2026 &#8211; Mi\u00e9rt? Nem felelt meg a k\u00f6vetelm\u00e9nyeknek? &#8211; Dehogyis nem! A sz\u00e1rmaz\u00e1sa nem tetszett. Az \u00e9desapja a falu b\u00edr\u00e1ja volt, 22 hold f\u00f6ldet birtokolt, de nem nyilv\u00e1n\u00edtott\u00e1k kul\u00e1knak. Tanult ott lik\u0151rgy\u00e1ros, kilenc gyermekes k\u00e1ntortan\u00edt\u00f3 fia, de egyik\u00fckb\u0151l sem lett \u00e1llatorvos. A f\u00e9rjem nem hagyta annyiban a dolgot, a jogi egyetemmel pr\u00f3b\u00e1lkozott. Egy \u00e9v ut\u00e1n azt is feladta, nem b\u00edrta tov\u00e1bb a zaklat\u00e1sokat. \u2026 &#8211; Volt annak valamii \u00edratlan szab\u00e1lya, hogyan \u00e1ll\u00edts\u00e1k ki a l\u00e1nyt a magukra valamit is ad\u00f3 sz\u00fcl\u0151k ? &#8211; Volt bizony. \u00c9n is kaptam damaszt \u00e1gyhuzatb\u00f3l h\u00e1rmat. Any\u00e1m ragaszkodott a 20 leped\u0151h\u00f6z, sz\u00e1m\u00e1t se tudom a t\u00f6r\u00fclk\u00f6z\u0151knek, a t\u00f6rl\u0151knek. M\u00e9g ma is van bel\u0151l\u00fck. Minden darabba belevarrtuk a monogramot, mert akkor az volt a divat. K\u00e9t szoba \u00e9s konyhab\u00fatort is vittem magammal. &#8211; Mi volt a n\u00e1szaj\u00e1nd\u00e9k? Kitettek maguk\u00e9rt a vend\u00e9gek? &#8211; Annak is megvolt a maga rendje, hogy ki, mit hoz a lakodalomba. A keresztany\u00e1t\u00f3l, a b\u00e9rmakeresztany\u00e1t\u00f3l kij\u00e1rt az eb\u00e9dl\u0151szerv\u00edz. \u00c9n is azt kaptam,de azt is adtam. Mert az aj\u00e1nd\u00e9kot illett visszavinni. Te\u00e1s, k\u00e1v\u00e9sk\u00e9szlet, ed\u00e9nyek, m\u00e9rleg, csill\u00e1r, sz\u00e9p nagy szentk\u00e9p, festm\u00e9ny. Ilyeneket hoztak. K\u00e9s\u0151bb, amikor baba sz\u00fcletett, a rokonok, a j\u00f3 ismer\u0151s\u00f6k mind elj\u00f6ttek l\u00e1togat\u00f3ba, poszrikba. Annyi italt, s\u00fctem\u00e9nyt, babaruh\u00e1t hoztak, hogy alig tal\u00e1ltunk helyet az aj\u00e1nd\u00e9koknak. A keresztel\u0151 pedig fel\u00e9rt egy kisebbfajta lakodalommal. \u2026 &#8211; Azt mondt\u00e1k, hogy Szolnoki P\u00e9ter volt a legm\u00f3dosabb gazda a faluban. &#8211; Val\u00f3 igaz, hogy a m\u00f3dosabb emberek k\u00f6z\u00e9 tartozott. Az \u00e9desapja is b\u00edr\u00f6 volt \u00e9s amikor 1946-ban meghalt, 22 hold f\u00f6ldmaradt ut\u00e1na. Akkor az ap\u00f3som azt mondta a n\u00e9gy testv\u00e9r\u00e9nek, osztozzanak meg a f\u00f6ld\u00f6n \u00e9s mindenki dolgozza a mag\u00e1\u00e9t. Egyiknek sem kellett. Nem tehetett m\u00e1st, mint dolgozta azokat is a saj\u00e1tjuk\u00e9val, a csal\u00e1ddal, meg idegenek seg\u00edts\u00e9g\u00e9vel. A nagy ist\u00e1ll\u00f3 tele volt \u00e1llattal, lovak, \u00f6kr\u00f6k, tehenek, borjak voltak benne. Eml\u00e9kszem, amikor a pajt\u00e1t lebontottuk, sok \u00e9rdekes mellszobrot tal\u00e1ltunk. Az ap\u00f3som mondta, hogy valamikor zsid\u00f3templom volt itt. Mind be\u00e9p\u00edtett\u00fck az ist\u00e1ll\u00f3 alapj\u00e1ba. &#8211; K\u00e9s\u0151bb sem ad\u00f3dott semmi bonyodalom a testv\u00e9rekkel a f\u00f6ld miatt? &#8211; Nem, hacsak nem sz\u00e1molom annak az egyik testv\u00e9r, Szolnoki G\u00e9za ut\u00f3dainak kereset\u00e9t. Az ap\u00f3som \u00f6ccs\u00e9nek boltja \u00e9s kocsm\u00e1ja volt itt vel\u00fcnk szemben. Annak idej\u00e9n \u0151 is lemondott a f\u00f6ldr\u0151l. Egy l\u00e1nya volt, meg egy fia. A fi\u00fa k\u00fclf\u00f6ldre t\u00e1vozott \u00e9s negyven \u00e9vig h\u00edrt sem hallottunk fel\u0151le. H\u00e1rom \u00e9ve lehet, hogy lev\u00e9l \u00e9rkezett Ausztr\u00e1li\u00e1b\u00f3l, a h\u00e1z meg a f\u00f6ld ut\u00e1n j\u00e1r\u00f3 k\u00e1rp\u00f3tl\u00e1sr\u00f3l \u00e9rdekl\u0151d\u00f6tt. M\u00e1r id\u0151s ember volt, az\u00f3ta meg is halt, a fi\u00e1t k\u00fcldte el maga helyett. O meg k\u00f6r\u00fcln\u00e9zett Baglyason, f\u00e9nyk\u00e9peket is k\u00e9sz\u00edtett a h\u00e1zr\u00f3l, ahol az \u00e9desapja \u00e9lt,de egyetlen sz\u00f3t sem tud magyarul. &#8211; Ki volt m\u00e9g Szolnoki P\u00e9terhez hasonl\u00f3 nagygazda a faluban? &#8211; Gyurcsik\u00e9knak is sok f\u00f6ldj\u00fck volt, t\u00f6bb mint 20 hold. And\u00f3 gy. Pista b\u00e1csinak is volt vagy 14 holdja, meg hozz\u00e1 nyolc gyereke. \u0150k azt\u00e1n sz\u00e9tvett\u00e9k a f\u00f6ldet, amikor az \u00f6regek meghaltak. Kisebb f\u00f6ldter\u00fclete soknak volt Baglyason, de legt\u00f6bbj\u00fck a b\u00e1ny\u00e1n\u00e1l is dolgozott. M\u00e9g az ap\u00f3som is elment valamikor a b\u00e1ny\u00e1hoz, nyugd\u00edjat is kapott t\u0151l\u00fck \u00fagy eml\u00e9kszem. &#8211; Csak a b\u00e1nya jelentett itt munkahelyet? &#8211; Dehogyis. Voltak, akik gy\u00e1rban dolgoztak \u00e9s iparosok is akadtak sz\u00e9p sz\u00e1mmal. Hentesek, \u00fczletesek. A Hangya Sz\u00f6vetkezetet a gazd\u00e1k, ap\u00f3som\u00e9k alap\u00edtott\u00e1k. Eml\u00e9kszem Kir\u00e1lyhegyi Gyula meg Szilvai Ervin is itt inaskodtak. A h\u00e1tukon vitt\u00e9k a kiflit, a zs\u00f6ml\u00e9t, \u00fagy \u00e1rult\u00e1k v\u00e9gig a telepen, a falun. Any\u00e1m k\u00e9t b\u00e1tyja is k\u0151m\u0171ves volt, egy m\u00e1sik meg k\u00e1d\u00e1r, hord\u00f3csin\u00e1l\u00f3. \u00c1csok is voltak, nem is egy. De a legh\u00edresebb k\u00f6z\u00fcl\u00fck Nagy J\u00e1nos volt. Nem is h\u00edvt\u00e1k pi\u00e1sk\u00e9ppen, mint \u201eNagy \u00e1cs\u201d. Sok\u00e1ig emlegett\u00e9k, hogyan tette fel a keresztet a szelei templomra. Megivott el\u0151tte egy liter p\u00e1link\u00e1t, azt\u00e1n felment a toronyba csak \u00fagy, biztos\u00edt\u00f3k\u00f6t\u00e9l n\u00e9lk\u00fcl, felrakta a keresztet a hely\u00e9re. Ma is ott \u00e1ll.<\/p>\n<p>&#8211; T\u00f6bben, \u00edgy Szolnoki P\u00e9ter is, feladt\u00e1k egy id\u0151re az egy\u00e9ni gazd\u00e1lkod\u00e1st \u00e9s bel\u00e9ptek a termel\u0151sz\u00f6vetkezetbe. &#8211; Igen \u00e9s vitte mag\u00e1val a f\u00f6ldet is, ami m\u00e9g megmaradt. Mert a f\u00f6ldoszt\u00e1skor az \u0151 f\u00f6ldj\u00e9b\u0151l, meg az any\u00f3som \u00f6r\u00f6ks\u00e9g\u00e9b\u0151l is sokat elvettek, minden k\u00e1rtalan\u00edt\u00e1s n\u00e9lk\u00fcl. Kertnek adt\u00e1k oda, meg sz\u0151l\u0151nek, holott egyetlen sz\u00f3l\u00f3kar\u00f3 sem volt a kaszin\u00f3 alatt soha. De a termel\u0151sz\u00f6vetkezet nem volt \u00e9letk\u00e9pes v\u00e1llalkoz\u00e1s. Javar\u00e9szt id\u0151s emberek dolgoztak benne, l\u00f3val sz\u00e1ntottak, k\u00e9zzel vetettek, sz\u00e9t is ment egy id\u0151 ut\u00e1n. &#8211; Szolnoki P\u00e9ter nemcsak nagygazda volt, hanem b\u00edr\u00f3 is. A kiterjedt gazdas\u00e1g mellett mikor int\u00e9zte a falu \u00fcgyeit? &#8211; Hetente egyszer mentek a k\u00f6zs\u00e9gh\u00e1z\u00e1ra, mert Baglyasalja akkor Zagyvap\u00e1lfalv\u00e1hoz tartozott. Akkor j\u00f6tt a jegyz\u0151 is, Bechner P\u00e1l. De az ap\u00f3som vizsg\u00e1zott h\u00fasvizsg\u00e1l\u00f3 \u00e9s halottk\u00e9m is volt. Ha valaki elhalt a faluban, sokszor nem is orvos\u00e9rt mentek, hanem \u00e9rte szaladtak. Mi \u00e1ll\u00edtottuk ki a halottlevelet. Dolgozni meg \u00fagy dolgozott, hogy a falu \u00e9rdekeit tartotta szem el\u0151tt mindig. Akkor is, amikor a falu al\u00f3l kiszedt\u00e9k a szenet, a h\u00e1zak megrepedtek, t\u00f6nkrementek. A b\u00e1nya sehogyan sem akart k\u00e1rt\u00e9r\u00edt\u00e9st fizetni. M\u00e9g a miniszt\u00e9riumba is felment az ap\u00f3som a gazd\u00e1kkal, And\u00f3 g. G\u00e9z\u00e1val, Szalatovics B\u00e9l\u00e1val. Nagy per lett a v\u00e9ge \u00e9s a b\u00e1nya mindenkinek megt\u00e9r\u00edtette a k\u00e1r\u00e1t. De a peresked\u00e9s 1932-t\u0151l 1938-ig tartott. &#8211; Vannak, akik azt mondj\u00e1k, hogy k\u00e1rp\u00f3tl\u00e1sk\u00e9nt a b\u00e1nya \u00e9p\u00edtette a templomot meg a k\u00f6ves utat is a falunak. &#8211; A k\u00f6ves \u00fat nem \u00e9p\u00fclt meg teljesen. A tisztisor el\u0151tt kezdt\u00e9k \u00e9s eljutottak a kaszin\u00f3 sark\u00e1ig, ahol a halda van, ott m\u00e1r f\u00f6ldes \u00fat volt. Azt\u00e1n megint a templomt\u00f3l a k\u00f6zs\u00e9gh\u00e1z\u00e1ig k\u00f6vezt\u00e9k ki. Onnan nem vitt\u00e9k tov\u00e1bb. Az \u00e9n eml\u00e9kezetem szerint a templom 1934-ben \u00e9p\u00fclt. Az uram b\u00e1tyja olyan 12-13 \u00e9ves lehetett, amikor magyaros ruh\u00e1ban, parasztgaty\u00e1ban, lovon \u00fclve fogadta a p\u00fcsp\u00f6k\u00f6t, aki avatni j\u00f6tt a templomot. &#8211; Visszaeml\u00e9kszik milyen hiedelmek, hagyom\u00e1nyok \u00e9ltek a faluban, milyen szok\u00e1sokat tartottak meg az emberek? &#8211; Akkoriban m\u00e9g nem volt olyan sok r\u00e1di\u00f3, telev\u00edzi\u00f3 meg egy sem, hogy figyelt\u00e9k volna mi t\u00f6rt\u00e9nik k\u00f6r\u00fcl\u00f6tt\u00fck. A tapasztalataikra hagyatkoztak, meg arra amit az \u00f6regek hagytak r\u00e1juk. \u00c9n Luca napt\u00f3l kar\u00e1csonyig egy f\u00fczetet vezettem \u00e9s minden nap be\u00edrtam milyen volt az id\u0151j\u00e1r\u00e1s. S\u00fct\u00f6tt a nap, es\u0151 vagy h\u00f3 esett, milyen volt a h\u0151m\u00e9rs\u00e9klet? El\u0151sz\u00f6r nem is \u00e9rtettem a dolgot, de az ap\u00f3som elmagyar\u00e1zta: a napok, a k\u00f6vetkez\u0151 esztend\u0151 egy-egy h\u00f3napj\u00e1t jelentik. A 13-a janu\u00e1rt, a 14-e febru\u00e1rt \u00e9s \u00edgy tov\u00e1bb\u2026 Amilyen aznap az id\u0151, olyan lesz az annak megfelel\u0151 h\u00f3nap id\u0151j\u00e1r\u00e1sa is. Olyannyira b\u00edzott benne az ap\u00f3som, hogy ehhez igaz\u00edtotta a nagyobb munk\u00e1kat is, a kasz\u00e1l\u00e1st, az arat\u00e1st. &#8211; Bej\u00f6tt a j\u00f3slat? &#8211; A legt\u00f6bbsz\u00f6r igen, vagy legal\u00e1bb is megk\u00f6zel\u00edtette azt. De figyelt\u00fck azt is, milyen az id\u0151 v\u00edzkeresztkor. Ha csepegett az esztreha, az ereszalj\u00e1t mondt\u00e1k \u00edgy, akkor m\u00e9g el kellett tenni az \u00edz\u00e9ket, a kukoricasz\u00e1r marad\u00e9kot takarm\u00e1nynak, mert hossz\u00fanak \u00edg\u00e9rkezett a t\u00e9l. Mint ahogy azt is feljegyezt\u00fck, hogy febru\u00e1r m\u00e1sodik\u00e1n, amikor a medve kij\u00f6tt a barlangj\u00e1b\u00f3l, megl\u00e1tta e az \u00e1rny\u00e9k\u00e1t. Habor\u00fas, hideg id\u0151 volt, akkor arra sz\u00e1m\u00edtottunk, hogy kor\u00e1n j\u00f6n a tavasz, lehet k\u00e9sz\u00fclni a sz\u00e1nt\u00e1sra, vet\u00e9sre\u2026 &#8211; A kar\u00e1csonyt milyen hagyom\u00e1nyok \u00f6vezt\u00e9k? &#8211; Kar\u00e1csony a csal\u00e1d, az adakoz\u00e1s napja volt mindig. Olyankor a lov\u00e1sz, az \u00f6kr\u00e9sz, a csord\u00e1s, a kond\u00e1s, mind v\u00e9gigpattogott a falun \u00e9s a gazdasszonyok szalonn\u00e1t, kolb\u00e1szt, m\u00e1kos beiglit vittek nekik. Alig b\u00edrt\u00e1k az abroszba k\u00f6t\u00f6tt sokf\u00e9le aj\u00e1nd\u00e9kot. Amikor beesteledett, asztalhoz \u00fclt a csal\u00e1d. Akkor m\u00e1r nem engedt\u00fcnk be senkit, mert az este a csal\u00e1d\u00e9 volt. Vacsor\u00e1ztunk, aj\u00e1nd\u00e9kot adtunk egym\u00e1snak, a gyerekeknek. Mi k\u00e1posztalevest, m\u00e1kos gub\u00f3t, vagy m\u00e1kos ferent\u0151t ett\u00fcnk. Az udvar v\u00e9g\u00e9ben volt a kemence, ott s\u00fct\u00f6tt\u00fck. Az any\u00f3som m\u00e1s szok\u00e1st tartott. Azt amit az any\u00f3sa is annak idej\u00e9n. Eg\u00e9sz nap b\u00f6jt\u00f6ltek, nem ettek egyetlen falatot sem. Este bableves f\u0151tt, meg m\u00e1kos gub\u00f3. De m\u00e1sban is tartotta, amit meg\u00f6r\u00f6k\u00f6lt a sz\u00fcleit\u0151l, az any\u00f3s\u00e1t\u00f3l. A konyha f\u00f6ldes volt, m\u00e1zolni kellett, pedig m\u00f3djukban lett volna megcsin\u00e1ltatni. S megmaradt a r\u00e9gi fat\u00fczel\u00e9ses t\u0171zhelyn\u00e9l is.<\/p>\n<p style=\"text-align: center;\"><a href=\"http:\/\/baglyasalja.hu\/baglyas\/?page_id=24\">VISSZA<\/a><\/p>\n","protected":false},"excerpt":{"rendered":"<p>&#8211; Am\u00edg az \u00e9desapja katon\u00e1skodott, kire maradt a hentesbolt? &#8211; Any\u00e1m vitte tov\u00e1bb az \u00fczletet, mert \u00e9ln\u00fcnk kellett. \u00c9n m\u00e1r nagyobbacska l\u00e1ny voltam, de az \u00f6cs\u00e9m m\u00e9g kiskor\u00fa. K\u00f6zben megk\u00e9rt\u00e9k any\u00e1mat, hogy v\u00e1llalja el&#46;&#46;&#46;<\/p>\n","protected":false},"author":1,"featured_media":0,"parent":18,"menu_order":0,"comment_status":"open","ping_status":"open","template":"","meta":{"footnotes":""},"class_list":["post-50","page","type-page","status-publish","hentry"],"_links":{"self":[{"href":"http:\/\/www.baglyasalja.hu\/baglyas\/index.php?rest_route=\/wp\/v2\/pages\/50","targetHints":{"allow":["GET"]}}],"collection":[{"href":"http:\/\/www.baglyasalja.hu\/baglyas\/index.php?rest_route=\/wp\/v2\/pages"}],"about":[{"href":"http:\/\/www.baglyasalja.hu\/baglyas\/index.php?rest_route=\/wp\/v2\/types\/page"}],"author":[{"embeddable":true,"href":"http:\/\/www.baglyasalja.hu\/baglyas\/index.php?rest_route=\/wp\/v2\/users\/1"}],"replies":[{"embeddable":true,"href":"http:\/\/www.baglyasalja.hu\/baglyas\/index.php?rest_route=%2Fwp%2Fv2%2Fcomments&post=50"}],"version-history":[{"count":0,"href":"http:\/\/www.baglyasalja.hu\/baglyas\/index.php?rest_route=\/wp\/v2\/pages\/50\/revisions"}],"up":[{"embeddable":true,"href":"http:\/\/www.baglyasalja.hu\/baglyas\/index.php?rest_route=\/wp\/v2\/pages\/18"}],"wp:attachment":[{"href":"http:\/\/www.baglyasalja.hu\/baglyas\/index.php?rest_route=%2Fwp%2Fv2%2Fmedia&parent=50"}],"curies":[{"name":"wp","href":"https:\/\/api.w.org\/{rel}","templated":true}]}}