{"id":4,"date":"2008-04-23T21:17:39","date_gmt":"2008-04-23T19:17:39","guid":{"rendered":"http:\/\/baglyasalja.hu\/baglyas\/?page_id=5"},"modified":"2017-01-13T19:34:12","modified_gmt":"2017-01-13T17:34:12","slug":"a-baratikor","status":"publish","type":"page","link":"http:\/\/www.baglyasalja.hu\/baglyas\/?page_id=4","title":{"rendered":"A Bar\u00e1ti K\u00f6r"},"content":{"rendered":"<p align=\"center\"><img loading=\"lazy\" decoding=\"async\" src=\"http:\/\/baglyasalja.hu\/foto\/b001.jpg\" alt=\"\" width=\"450\" height=\"300\" border=\"0\"\/><\/p>\n<p align=\"center\"><object width=\"480\" height=\"360\" classid=\"clsid:d27cdb6e-ae6d-11cf-96b8-444553540000\" codebase=\"http:\/\/download.macromedia.com\/pub\/shockwave\/cabs\/flash\/swflash.cab#version=6,0,40,0\"><param name=\"allowFullScreen\" value=\"true\"\/><param name=\"allowscriptaccess\" value=\"always\"\/><param name=\"src\" value=\"http:\/\/www.youtube.com\/v\/A-BnaySf7cs?version=3&amp;hl=hu_HU\"\/><param name=\"allowfullscreen\" value=\"true\"\/><embed width=\"480\" height=\"360\" type=\"application\/x-shockwave-flash\" src=\"http:\/\/www.youtube.com\/v\/A-BnaySf7cs?version=3&amp;hl=hu_HU\" allowfullscreen=\"allowfullscreen\" allowscriptaccess=\"always\"\/><\/object><\/p>\n<p>&nbsp;<\/p>\n<p style=\"margin-left: 10px;\" align=\"center\"><span style=\"font-size: large;\">1996. m\u00e1jus 4 &#8211; \u00e9n 41 alap\u00edt\u00f3 taggal megalakult a bar\u00e1ti k\u00f6r.<\/span><\/p>\n<p style=\"margin-left: 10px;\" align=\"center\"><span style=\"font-size: large;\"> <img loading=\"lazy\" decoding=\"async\" src=\"http:\/\/baglyasalja.hu\/foto\/b002.jpg\" alt=\"\" width=\"277\" height=\"450\" border=\"0\"\/><img loading=\"lazy\" decoding=\"async\" src=\"http:\/\/baglyasalja.hu\/foto\/b003.jpg\" alt=\"\" width=\"230\" height=\"450\" border=\"0\"\/><\/span><\/p>\n<p style=\"margin-left: 10px; text-align: center;\"><strong><span style=\"font-size: x-large; font-family: Castellar;\"><a href=\"http:\/\/www.baglyasalja.hu\/baglyas\/?page_id=8704\" target=\"kozep\">Az egyes\u00fclet alapszab\u00e1lya<\/a><\/span><\/strong><\/p>\n<p style=\"margin-left: 10px;\" align=\"left\"><span style=\"text-decoration: underline;\"><span style=\"font-size: large;\">Az<\/span> <\/span><span style=\"font-size: large;\"><span style=\"text-decoration: underline;\">Egyes\u00fclet c\u00e9lja \u00e9s tev\u00e9kenys\u00e9ge:<\/span> <\/span><\/p>\n<p style=\"margin-left: 10px;\" align=\"left\"><span style=\"font-size: large;\">&#8211; Baglyasalja t\u00e1rsadalmi &#8211; els\u0151sorban b\u00e1ny\u00e1szt\u00f6rt\u00e9neti &#8211; hagyom\u00e1nyainak \u00e9s kult\u00far\u00e1lis \u00f6r\u00f6ks\u00e9g\u00e9nek, \u00e9rt\u00e9keinek felt\u00e1r\u00e1sa, \u00e1pol\u00e1sa, meg\u0151rz\u00e9se, tan\u00e1cskoz\u00e1sok szervez\u00e9se, kiadv\u00e1nyok l\u00e9trehoz\u00e1sa, kiad\u00e1sa; <\/span><\/p>\n<p style=\"margin-left: 10px;\" align=\"left\"><span style=\"font-size: large;\">&#8211; a k\u00f6z\u00f6ss\u00e9gi &#8211; els\u0151sorban a csal\u00e1di &#8211; m\u0171vel\u0151d\u00e9s k\u00fcl\u00f6nb\u00f6z\u0151 form\u00e1inak szervez\u00e9se, n\u00e9pszer\u0171s\u00edt\u00e9se; &#8211; a mindennapi kult\u00fara k\u00fcl\u00f6nb\u00f6z\u0151 ter\u00fcleteinek n\u00e9pszer\u0171s\u00edt\u00e9se, alkalmainak szervez\u00e9se; &#8211; f\u00f3rum teremt\u00e9se az emberi eg\u00e9szs\u00e9g, a term\u00e9szeti k\u00f6rnyezet v\u00e9delm\u00e9re, a k\u00f6rnyezetrombol\u00e1s, <\/span><\/p>\n<p style=\"margin-left: 10px;\" align=\"left\"><span style=\"font-size: large;\">-szennyez\u00e9s megakad\u00e1lyoz\u00e1s\u00e1ra, az \u00f6kol\u00f3giai szempontok, a telep\u00fcl\u00e9sfejleszt\u00e9s \u00e9s &#8211; sz\u00e9p\u00edt\u00e9s k\u00e9rd\u00e9seinek megvitat\u00e1s\u00e1ra, <\/span><\/p>\n<p style=\"margin-left: 10px;\" align=\"left\"><span style=\"font-size: large;\">&#8211; a telep\u00fcl\u00e9sen \u00e9l\u0151k emberi kapcsolatainak fejleszt\u00e9se, egyes csoportok &#8211; kiemelten: a fiatalok, az id\u0151s kor\u00faak, h\u00e1tr\u00e1nyos helyzet\u0171ek &#8211; sz\u00fcks\u00e9gleteinek, ig\u00e9nyeinek felt\u00e1r\u00e1sa, megold\u00e1si lehet\u0151s\u00e9gek keres\u00e9se, szervez\u00e9se, <\/span><\/p>\n<p style=\"margin-left: 10px;\" align=\"left\"><span style=\"font-size: large;\">&#8211; k\u00f6lcs\u00f6n\u00f6s kapcsolat teremt\u00e9se m\u00e1s civil szervez\u0151d\u00e9sekkel, t\u00e1rsadalmi szervezetekkel, tev\u00e9kenys\u00e9g\u00fck seg\u00edt\u00e9se; <\/span><\/p>\n<p style=\"margin-left: 10px;\" align=\"left\"><span style=\"font-size: large;\">&#8211; egy\u00fcttm\u0171k\u00f6d\u00e9s a v\u00e1rosi \u00f6nkorm\u00e1nyzattal, annak helyi k\u00e9pvisel\u0151j\u00e9vel, kapcsol\u00f3d\u00e1s a telep\u00fcl\u00e9sen m\u0171k\u00f6d\u0151 int\u00e9zm\u00e9nyek tev\u00e9kenys\u00e9g\u00e9hez. <\/span><\/p>\n<p style=\"margin-left: 10px;\" align=\"left\"><span style=\"font-size: large;\">A K\u00f6r p\u00e1rtokt\u00f3l f\u00fcggetlen civil szervez\u0151d\u00e9s, mentes minden politikai, ideol\u00f3giai ir\u00e1nyzatt\u00f3l. Nem t\u00e1mogat politikai p\u00e1rtokat &#8211; azok k\u00e9pvisel\u0151it &#8211; sem anyagi, sem m\u00e1s eszk\u00f6z\u00f6kkel. <\/span><\/p>\n<p style=\"margin-left: 10px;\" align=\"left\"><span style=\"font-size: large;\">Az Egyes\u00fclet kapcsolatot teremt hazai \u00e9s k\u00fclf\u00f6ldi hasonl\u00f3 program\u00fa k\u00f6z\u00f6ss\u00e9gekkel, egyes\u00fcletekkel. <\/span><\/p>\n<hr size=\"4\"\/>\n<p style=\"margin-left: 10px;\" align=\"left\"><span style=\"font-size: large;\"> \u00c9vente k\u00f6zgy\u0171l\u00e9sen adunk sz\u00e1mot munk\u00e1nkr\u00f3l, \u00e9s fogadjuk el a k\u00f6vetkez\u0151 id\u0151szak programj\u00e1t<\/span><\/p>\n<p style=\"margin-left: 10px;\" align=\"center\"><img loading=\"lazy\" decoding=\"async\" src=\"http:\/\/baglyasalja.hu\/foto\/b058.jpg\" alt=\"\" width=\"450\" height=\"300\" border=\"0\"\/><\/p>\n<p style=\"margin-left: 10px;\" align=\"left\"><span style=\"font-size: large;\">Az elfogadott alapszab\u00e1lyban a k\u00f6r kiemelt feladat\u00e1nak tekinti a hagyom\u00e1nyok \u00e1pol\u00e1s\u00e1t a b\u00e1ny\u00e1szt\u00f6rt\u00e9neti eml\u00e9kek felkutat\u00e1s\u00e1t, meg\u0151rz\u00e9s\u00e9t.<\/span><\/p>\n<p style=\"margin-left: 10px;\" align=\"center\"><span style=\"font-size: large;\"> <img loading=\"lazy\" decoding=\"async\" src=\"http:\/\/baglyasalja.hu\/foto\/b005.jpg\" alt=\"\" width=\"450\" height=\"348\" border=\"0\"\/><\/span><\/p>\n<p style=\"margin-left: 10px;\" align=\"left\"><span style=\"letter-spacing: -0.2pt; font-family: Book Antiqua;\"> <span style=\"font-size: large;\">Az elm\u00falt \u00e9vekben a Baglyasalja Bar\u00e1tainak K\u00f6<\/span><\/span><span style=\"font-family: Book Antiqua;\"><span style=\"font-size: large;\">re \u00e1ltal elind\u00edtott Baglyasi f\u00fczetek kiadv\u00e1nysorozat bemutatta a nagy m\u00falt\u00fa telep\u00fcl\u00e9s t\u00f6rt\u00e9net\u00e9t, az itt \u00e9l\u0151 emberek \u00e9let\u00e9ben meghat\u00e1roz\u00f3 szerepet j\u00e1tsz\u00f3 b\u00e1ny\u00e1szkod\u00e1st, a helyi oktat\u00e1s, a kult\u00fara, a sport jeles mozzanatait \u00e9s a helyi t\u00e1rsadalom egykor volt kiemelked\u0151 egy\u00e9nis\u00e9geit. <\/span><\/span><\/p>\n<p style=\"margin-left: 10px;\" align=\"center\"><span style=\"font-size: large;\"> <img loading=\"lazy\" decoding=\"async\" src=\"http:\/\/baglyasalja.hu\/foto\/b006.jpg\" alt=\"\" width=\"285\" height=\"450\" border=\"0\"\/> <img loading=\"lazy\" decoding=\"async\" src=\"http:\/\/baglyasalja.hu\/foto\/b007.jpg\" alt=\"\" width=\"285\" height=\"450\" border=\"0\"\/><img loading=\"lazy\" decoding=\"async\" src=\"http:\/\/baglyasalja.hu\/foto\/b008.jpg\" alt=\"\" width=\"285\" height=\"450\" border=\"0\"\/> <img loading=\"lazy\" decoding=\"async\" src=\"http:\/\/baglyasalja.hu\/foto\/b009.jpg\" alt=\"\" width=\"285\" height=\"450\" border=\"0\"\/><\/span><\/p>\n<p style=\"margin-left: 10px;\" align=\"left\"><span style=\"font-size: large;\">Els\u0151sorban a fiatal koroszt\u00e1lyt c\u00e9loztuk meg a Baglyasi Mes\u00e9l\u0151 sorozattal, melynek 2 k\u00f6tete jelent meg. Leg\u00fajabb kiadv\u00e1nyunkat a tanul\u00f3ifj\u00fas\u00e1gnak \u00e9s a Baglyasalj\u00e1ra l\u00e1togat\u00f3knak aj\u00e1nljuk.<\/span><\/p>\n<p style=\"margin-left: 10px;\" align=\"center\"><img loading=\"lazy\" decoding=\"async\" src=\"http:\/\/baglyasalja.hu\/foto\/b010.jpg\" alt=\"\" width=\"270\" height=\"450\" border=\"0\"\/> <img loading=\"lazy\" decoding=\"async\" src=\"http:\/\/baglyasalja.hu\/foto\/b011.jpg\" alt=\"\" width=\"270\" height=\"450\" border=\"0\"\/><\/p>\n<p style=\"margin-left: 10px;\" align=\"left\"><span style=\"font-size: large;\"> IX. \u00e9vfolyam\u00e1n\u00e1l tart a negyed\u00e9venk\u00e9nt megjelen\u0151 Baglyasi H\u00edrmond\u00f3 c\u00edm\u0171 helyi \u00fajs\u00e1gunk, amellyel a jelen sz\u00e1m\u00e1ra a m\u00faltat, a j\u00f6v\u0151 sz\u00e1m\u00e1ra a jelent k\u00f6zvet\u00edtj\u00fck&#8230; <\/span><\/p>\n<p style=\"margin-left: 10px;\" align=\"center\"><img loading=\"lazy\" decoding=\"async\" src=\"http:\/\/baglyasalja.hu\/foto\/b012.jpg\" alt=\"\" width=\"295\" height=\"450\" border=\"0\"\/><\/p>\n<p style=\"margin-left: 10px;\" align=\"left\"><span style=\"font-size: large;\">Kezdem\u00e9nyez\u00e9s\u00fcnkre 1997- ben a helyi iskola felvette B\u00f3na Kov\u00e1cs K\u00e1roly &#8211; sz\u00fclet\u00e9s\u00e9nek 100. \u00e9vfordul\u00f3j\u00e1n \u2013 az egykor Baglyasalj\u00e1n alkot\u00f3 fest\u0151 \u00e9s szobr\u00e1szm\u0171v\u00e9sz, pedag\u00f3gus nev\u00e9t. Az iskol\u00e1val k\u00f6z\u00f6sen \u00e1poljuk a m\u0171v\u00e9sz \u00e9letm\u0171v\u00e9t \u00e9s eml\u00e9k\u00e9t.<\/span><\/p>\n<p style=\"margin-left: 10px;\" align=\"center\"><span style=\"font-size: large;\"> <img loading=\"lazy\" decoding=\"async\" src=\"http:\/\/baglyasalja.hu\/foto\/b016.jpg\" alt=\"\" width=\"450\" height=\"353\" border=\"0\"\/><\/span><\/p>\n<p style=\"margin-left: 10px;\" align=\"center\"><img loading=\"lazy\" decoding=\"async\" src=\"http:\/\/baglyasalja.hu\/foto\/b014.jpg\" alt=\"\" width=\"450\" height=\"352\" border=\"0\"\/><\/p>\n<p style=\"margin-left: 10px;\" align=\"center\"><span style=\"font-size: large;\"> <img loading=\"lazy\" decoding=\"async\" src=\"http:\/\/baglyasalja.hu\/foto\/b013.jpg\" alt=\"\" width=\"450\" height=\"345\" border=\"0\"\/><\/span><\/p>\n<p style=\"margin-left: 10px;\" align=\"left\"><span style=\"font-size: large;\">Szoros kapcsolatot tartunk gyermekeivel, Ildik\u00f3val \u00e9s Bal\u00e1zzsal\u2026<\/span><\/p>\n<p style=\"margin-left: 10px;\" align=\"center\"><img loading=\"lazy\" decoding=\"async\" src=\"http:\/\/baglyasalja.hu\/foto\/b015.jpg\" alt=\"\" width=\"450\" height=\"356\" border=\"0\"\/><\/p>\n<p style=\"margin-left: 10px;\" align=\"left\"><span style=\"font-size: large;\">Akt\u00edvan r\u00e9szt vesz\u00fcnk az iskola pedag\u00f3giai munk\u00e1j\u00e1ban, programjaink nagy r\u00e9sz\u00e9t is k\u00f6z\u00f6sen szervezz\u00fck. Ezek sor\u00e1b\u00f3l kiemelkedik a Baglyasi Napok, melyeket imm\u00e1r 12. alkalommal rendezt\u00fcnk meg. Az \u00e9rdekl\u0151d\u0151 k\u00f6z\u00f6ns\u00e9g -a fest\u0151i k\u00f6rnyezetben zajl\u00f3- soksz\u00edn\u0171 program \u00e9s lehet\u0151s\u00e9g k\u00f6z\u00fcl v\u00e1laszthat.<\/span><\/p>\n<p style=\"margin-left: 10px;\" align=\"center\"><span style=\"font-size: large;\"> <img loading=\"lazy\" decoding=\"async\" src=\"http:\/\/baglyasalja.hu\/foto\/b034.jpg\" alt=\"\" width=\"450\" height=\"300\" border=\"0\"\/><\/span><\/p>\n<p style=\"margin-left: 10px;\" align=\"center\"><span style=\"font-size: large;\"> <img loading=\"lazy\" decoding=\"async\" src=\"http:\/\/baglyasalja.hu\/foto\/b036.jpg\" alt=\"\" width=\"450\" height=\"300\" border=\"0\"\/><\/span><\/p>\n<p style=\"margin-left: 10px;\" align=\"center\"><span style=\"font-size: large;\"> <img loading=\"lazy\" decoding=\"async\" src=\"http:\/\/baglyasalja.hu\/foto\/b035.jpg\" alt=\"\" width=\"450\" height=\"300\" border=\"0\"\/> <\/span><\/p>\n<p style=\"margin-left: 10px;\" align=\"left\"><span style=\"font-size: large;\">Zene, mozg\u00e1s, futball m\u00e9rk\u0151z\u00e9s kicsiknek \u00e9s nagyoknak, \u00f6nv\u00e9delem, k\u00e9zm\u0171vess\u00e9g, hagyom\u00e1ny\u0151rz\u00e9s, ismeretterjeszt\u0151 el\u0151ad\u00e1sok, n\u00e9pi j\u00e1t\u00e9kok, \u00edj\u00e1szat, s\u00e1rk\u00e1nyrep\u00fcl\u0151, sz\u00ednj\u00e1tsz\u00e1s, vid\u00e1m vet\u00e9lked\u0151, sz\u00f3rakoz\u00e1s, t\u00e1nc\u2026 Mindenki megtal\u00e1lhatja az \u00e9rdekl\u0151d\u00e9si k\u00f6r\u00e9nek megfelel\u0151 tev\u00e9kenys\u00e9get.<\/span><\/p>\n<p style=\"margin-left: 10px;\" align=\"center\"><img loading=\"lazy\" decoding=\"async\" src=\"http:\/\/baglyasalja.hu\/foto\/b032.jpg\" alt=\"\" width=\"450\" height=\"333\" border=\"0\"\/><\/p>\n<p style=\"margin-left: 10px;\" align=\"center\"><img loading=\"lazy\" decoding=\"async\" src=\"http:\/\/baglyasalja.hu\/foto\/b031.jpg\" alt=\"\" width=\"450\" height=\"364\" border=\"0\"\/><\/p>\n<p style=\"margin-left: 10px;\" align=\"center\"><img loading=\"lazy\" decoding=\"async\" src=\"http:\/\/baglyasalja.hu\/foto\/b030.jpg\" alt=\"\" width=\"450\" height=\"335\" border=\"0\"\/><\/p>\n<p style=\"margin-left: 10px;\" align=\"center\"><img loading=\"lazy\" decoding=\"async\" src=\"http:\/\/baglyasalja.hu\/foto\/b029.jpg\" alt=\"\" width=\"318\" height=\"450\" border=\"0\"\/><\/p>\n<p style=\"margin-left: 10px;\" align=\"center\"><img loading=\"lazy\" decoding=\"async\" src=\"http:\/\/baglyasalja.hu\/foto\/b028.jpg\" alt=\"\" width=\"450\" height=\"300\" border=\"0\"\/><\/p>\n<p style=\"margin-left: 10px;\" align=\"center\"><img loading=\"lazy\" decoding=\"async\" src=\"http:\/\/baglyasalja.hu\/foto\/b027.jpg\" alt=\"\" width=\"450\" height=\"300\" border=\"0\"\/><\/p>\n<p style=\"margin-left: 10px;\" align=\"center\"><img loading=\"lazy\" decoding=\"async\" src=\"http:\/\/baglyasalja.hu\/foto\/b026.jpg\" alt=\"\" width=\"450\" height=\"300\" border=\"0\"\/><\/p>\n<p style=\"margin-left: 10px;\" align=\"center\"><img loading=\"lazy\" decoding=\"async\" src=\"http:\/\/baglyasalja.hu\/foto\/b025.jpg\" alt=\"\" width=\"450\" height=\"300\" border=\"0\"\/><\/p>\n<p style=\"margin-left: 10px;\" align=\"center\"><img loading=\"lazy\" decoding=\"async\" src=\"http:\/\/baglyasalja.hu\/foto\/b024.jpg\" alt=\"\" width=\"450\" height=\"300\" border=\"0\"\/><\/p>\n<p style=\"margin-left: 10px;\" align=\"center\"><img loading=\"lazy\" decoding=\"async\" src=\"http:\/\/baglyasalja.hu\/foto\/b023.jpg\" alt=\"\" width=\"450\" height=\"300\" border=\"0\"\/><\/p>\n<p style=\"margin-left: 10px;\" align=\"center\"><img loading=\"lazy\" decoding=\"async\" src=\"http:\/\/baglyasalja.hu\/foto\/b022.jpg\" alt=\"\" width=\"450\" height=\"359\" border=\"0\"\/><\/p>\n<p style=\"margin-left: 10px;\" align=\"center\"><img loading=\"lazy\" decoding=\"async\" src=\"http:\/\/baglyasalja.hu\/foto\/b021.jpg\" alt=\"\" width=\"450\" height=\"360\" border=\"0\"\/><\/p>\n<p style=\"margin-left: 10px;\" align=\"center\"><img loading=\"lazy\" decoding=\"async\" src=\"http:\/\/baglyasalja.hu\/foto\/b020.jpg\" alt=\"\" width=\"450\" height=\"338\" border=\"0\"\/><\/p>\n<p style=\"margin-left: 10px;\" align=\"center\"><img loading=\"lazy\" decoding=\"async\" src=\"http:\/\/baglyasalja.hu\/foto\/b019.jpg\" alt=\"\" width=\"450\" height=\"322\" border=\"0\"\/><\/p>\n<p style=\"margin-left: 10px;\" align=\"center\"><img loading=\"lazy\" decoding=\"async\" src=\"http:\/\/baglyasalja.hu\/foto\/b018.jpg\" alt=\"\" width=\"450\" height=\"361\" border=\"0\"\/><\/p>\n<p style=\"margin-left: 10px;\" align=\"center\"><img loading=\"lazy\" decoding=\"async\" src=\"http:\/\/baglyasalja.hu\/foto\/b045.jpg\" alt=\"\" width=\"450\" height=\"300\" border=\"0\"\/><\/p>\n<p style=\"margin-left: 10px;\" align=\"center\"><img loading=\"lazy\" decoding=\"async\" src=\"http:\/\/baglyasalja.hu\/foto\/b017.jpg\" alt=\"\" width=\"450\" height=\"338\" border=\"0\"\/><\/p>\n<p style=\"margin-left: 10px;\" align=\"center\"><img loading=\"lazy\" decoding=\"async\" src=\"http:\/\/baglyasalja.hu\/foto\/b033.jpg\" alt=\"\" width=\"450\" height=\"368\" border=\"0\"\/><\/p>\n<p style=\"margin-left: 10px;\" align=\"left\"><span style=\"font-size: large;\"> A Baglyasi Napokhoz kapcsol\u00f3dnak a P\u00fcnk\u00f6sdi Hangversenyek, melynek helysz\u00edne a R\u00f3mai Katolikus Templom<\/span><\/p>\n<p style=\"margin-left: 10px;\" align=\"center\"><img loading=\"lazy\" decoding=\"async\" src=\"http:\/\/baglyasalja.hu\/foto\/b059.jpg\" alt=\"\" width=\"340\" height=\"450\" border=\"0\"\/><\/p>\n<p style=\"margin-left: 10px;\" align=\"center\"><img loading=\"lazy\" decoding=\"async\" src=\"http:\/\/baglyasalja.hu\/foto\/b037.jpg\" alt=\"\" width=\"320\" height=\"450\" border=\"0\"\/><\/p>\n<p style=\"margin-left: 10px;\" align=\"center\"><img loading=\"lazy\" decoding=\"async\" src=\"http:\/\/baglyasalja.hu\/foto\/b038.jpg\" alt=\"\" width=\"450\" height=\"300\" border=\"0\"\/><\/p>\n<p style=\"margin-left: 10px;\" align=\"center\"><img loading=\"lazy\" decoding=\"async\" src=\"http:\/\/baglyasalja.hu\/foto\/b039.jpg\" alt=\"\" width=\"450\" height=\"300\" border=\"0\"\/><\/p>\n<p style=\"margin-left: 10px;\" align=\"left\"><span style=\"font-size: large;\">Vonz\u00f3ak az eg\u00e9szs\u00e9gmeg\u0151rz\u0151 programjaink, a V\u00f6r\u00f6skereszt helyi csoportj\u00e1val k\u00f6z\u00f6sen szervezett V\u00e9rad\u00e1s.<\/span><\/p>\n<p style=\"margin-left: 10px;\" align=\"center\"><img loading=\"lazy\" decoding=\"async\" src=\"http:\/\/baglyasalja.hu\/foto\/b041.jpg\" alt=\"\" width=\"450\" height=\"300\" border=\"0\"\/><\/p>\n<p style=\"margin-left: 10px;\" align=\"center\"><img loading=\"lazy\" decoding=\"async\" src=\"http:\/\/baglyasalja.hu\/foto\/b040.jpg\" alt=\"\" width=\"450\" height=\"300\" border=\"0\"\/><\/p>\n<p style=\"margin-left: 10px;\" align=\"center\"><img loading=\"lazy\" decoding=\"async\" src=\"http:\/\/baglyasalja.hu\/foto\/b042.jpg\" alt=\"\" width=\"300\" height=\"450\" border=\"0\"\/><\/p>\n<p style=\"margin-left: 10px;\" align=\"left\"><span style=\"font-size: large;\">A v\u00f6r\u00f6skereszttel egy\u00fcttm\u0171k\u00f6dve szebb\u00e9 \u00e9s eg\u00e9szs\u00e9gesebb\u00e9 tessz\u00fck k\u00f6rnyezet\u00fcnket, irtjuk a parlagf\u00fcvet<\/span><\/p>\n<p style=\"margin-left: 10px;\" align=\"center\"><img loading=\"lazy\" decoding=\"async\" src=\"http:\/\/baglyasalja.hu\/foto\/b054.jpg\" alt=\"\" width=\"450\" height=\"300\" border=\"0\"\/><\/p>\n<p style=\"margin-left: 10px;\" align=\"left\"><span style=\"font-size: large;\">Az \u201eEl\u0151ttem az ut\u00f3dom\u201d programsorozatban tehets\u00e9ges, Baglyashoz k\u00f6t\u0151d\u0151 fiatalokat mutatunk be<\/span><\/p>\n<p style=\"margin-left: 10px;\" align=\"center\"><img loading=\"lazy\" decoding=\"async\" src=\"http:\/\/baglyasalja.hu\/foto\/b043.jpg\" alt=\"\" width=\"450\" height=\"276\" border=\"0\"\/><\/p>\n<p style=\"margin-left: 10px;\" align=\"left\"><span style=\"font-size: large;\">Sikeres sorozatunk a \u201eVil\u00e1gunk, vil\u00e1gj\u00e1r\u00f3 fot\u00f3sok szem\u00e9vel\u201d<\/span><\/p>\n<p style=\"margin-left: 10px;\" align=\"center\"><img loading=\"lazy\" decoding=\"async\" src=\"http:\/\/baglyasalja.hu\/foto\/b044.jpg\" alt=\"\" width=\"450\" height=\"300\" border=\"0\"\/><\/p>\n<p style=\"margin-left: 10px;\" align=\"left\"><span style=\"font-size: large;\">Rendszeresen szervez\u00fcnk a b\u00e1ny\u00e1szm\u00falttal kapcsolatos programokat<\/span><\/p>\n<p style=\"margin-left: 10px;\" align=\"center\"><img loading=\"lazy\" decoding=\"async\" src=\"http:\/\/baglyasalja.hu\/foto\/b046.jpg\" alt=\"\" width=\"450\" height=\"357\" border=\"0\"\/><\/p>\n<p style=\"margin-left: 10px;\" align=\"left\"><span style=\"font-size: large;\">Az \u00fcnnepekhez k\u00f6t\u0151d\u0151 programjainkon hasznos ismeretekkel, k\u00e9zm\u0171vess\u00e9ggel ismerkedhetnek az \u00e9rdekl\u0151d\u0151k<\/span><\/p>\n<p style=\"margin-left: 10px;\" align=\"center\"><img loading=\"lazy\" decoding=\"async\" src=\"http:\/\/baglyasalja.hu\/foto\/b060.jpg\" alt=\"\" width=\"450\" height=\"300\" border=\"0\"\/><\/p>\n<p style=\"margin-left: 10px;\" align=\"left\"><span style=\"font-size: large;\"> N\u00e9pszer\u0171ek a kir\u00e1ndul\u00e1sok \u00e9s az ismeretterjeszt\u0151 l\u00e1togat\u00e1sok, haz\u00e1nkban, \u00e9s Szlov\u00e1ki\u00e1ban<\/span><\/p>\n<p style=\"margin-left: 10px;\" align=\"center\"><img loading=\"lazy\" decoding=\"async\" src=\"http:\/\/baglyasalja.hu\/foto\/b047.jpg\" alt=\"\" width=\"450\" height=\"300\" border=\"0\"\/><\/p>\n<p style=\"margin-left: 10px;\" align=\"left\"><span style=\"font-size: large;\">H\u00edres emberekkel, neves szem\u00e9lyis\u00e9gekkel tal\u00e1lkozunk. <\/span><\/p>\n<p style=\"margin-left: 10px;\" align=\"center\"><img loading=\"lazy\" decoding=\"async\" src=\"http:\/\/baglyasalja.hu\/foto\/b061.jpg\" alt=\"\" width=\"450\" height=\"300\" border=\"0\"\/><\/p>\n<p style=\"margin-left: 10px;\" align=\"left\"><span style=\"font-size: large;\">Rendszeresek a k\u00e9pz\u0151 &#8211; \u00e9s iparm\u0171v\u00e9szeti ki\u00e1ll\u00edt\u00e1saink, bemutatjuk B\u00f3na Kov\u00e1cs K\u00e1roly tan\u00edtv\u00e1nyait, a Baglyasalj\u00e1hoz k\u00f6t\u0151d\u0151 alkot\u00f3kat\u2026 <\/span><\/p>\n<p style=\"margin-left: 10px;\" align=\"center\"><img loading=\"lazy\" decoding=\"async\" src=\"http:\/\/baglyasalja.hu\/foto\/b050.jpg\" alt=\"\" width=\"450\" height=\"300\" border=\"0\"\/><\/p>\n<p style=\"margin-left: 10px;\" align=\"center\"><img loading=\"lazy\" decoding=\"async\" src=\"http:\/\/baglyasalja.hu\/foto\/b049.jpg\" alt=\"\" width=\"450\" height=\"300\" border=\"0\"\/><\/p>\n<p style=\"margin-left: 10px;\" align=\"center\"><img loading=\"lazy\" decoding=\"async\" src=\"http:\/\/baglyasalja.hu\/foto\/b048.jpg\" alt=\"\" width=\"450\" height=\"300\" border=\"0\"\/><\/p>\n<p style=\"margin-left: 10px;\" align=\"center\"><img loading=\"lazy\" decoding=\"async\" src=\"http:\/\/baglyasalja.hu\/foto\/b051.jpg\" alt=\"\" width=\"450\" height=\"300\" border=\"0\"\/><\/p>\n<p style=\"margin-left: 10px;\" align=\"left\"><span style=\"font-size: large;\">A megnyit\u00f3 ut\u00e1ni besz\u00e9lget\u00e9s az alkot\u00f3kkal\u2026 <\/span><\/p>\n<p style=\"margin-left: 10px;\" align=\"center\"><img loading=\"lazy\" decoding=\"async\" src=\"http:\/\/baglyasalja.hu\/foto\/b052.jpg\" alt=\"\" width=\"450\" height=\"300\" border=\"0\"\/><\/p>\n<p style=\"margin-left: 10px;\" align=\"left\"><span style=\"font-size: large;\">Vend\u00e9geink voltak Somosk\u0151i \u00d6d\u00f6n \u00f6zvegye \u00e9s gyermekei<\/span><\/p>\n<p style=\"margin-left: 10px;\" align=\"center\"><img loading=\"lazy\" decoding=\"async\" src=\"http:\/\/baglyasalja.hu\/foto\/b053.jpg\" alt=\"\" width=\"450\" height=\"300\" border=\"0\"\/><\/p>\n<hr size=\"4\"\/>\n<p style=\"margin-left: 10px;\" align=\"left\"><span style=\"font-size: large;\">A <strong>&#8222;Baglyasalj\u00e1\u00e9rt&#8221;<\/strong> d\u00edjat 2001-ben alap\u00edtottuk. <\/span><\/p>\n<p style=\"margin-left: 10px;\" align=\"left\"><span style=\"font-size: large;\">2002-ben posztumusz adom\u00e1nyoztunk a d\u00edjat B\u00f3na Kov\u00e1cs K\u00e1rolynak, amelyet 100 \u00e9ves sz\u00fclet\u00e9snapj\u00e1n, feles\u00e9ge M\u00e1nczos Ir\u00e9n vett \u00e1t.<\/span><\/p>\n<p style=\"margin-left: 10px;\" align=\"center\"><img loading=\"lazy\" decoding=\"async\" src=\"http:\/\/baglyasalja.hu\/foto\/b056.jpg\" alt=\"\" width=\"450\" height=\"409\" border=\"0\"\/><\/p>\n<p style=\"text-align: center;\"><img loading=\"lazy\" decoding=\"async\" src=\"http:\/\/baglyasalja.hu\/foto\/b055.jpg\" alt=\"\" width=\"450\" height=\"300\" border=\"0\"\/><\/p>\n<h1><strong>A d\u00edjban r\u00e9szes\u00fcltek:<\/strong><\/h1>\n<h2><span style=\"font-size: large;\"><strong><span style=\"text-decoration: underline;\">2001.<\/span><\/strong><\/span><\/h2>\n<p><span style=\"font-size: large;\"><span style=\"font-size: medium;\">Cserh\u00e1ti J\u00f3zsef, Eppich Albert, K\u00e1lovits G\u00e9za, Kupcsulik J\u00f3zsef, Szilasi Andr\u00e1s<\/span><\/span><\/p>\n<p>&nbsp;<\/p>\n<h2><span style=\"font-size: large;\"><strong><span style=\"text-decoration: underline;\">2002.<\/span><\/strong><\/span><\/h2>\n<p><span style=\"font-size: large;\"> <span style=\"font-size: medium;\">B\u00e1ti J\u00e1nosn\u00e9, Cserh\u00e1ti J\u00f3zsefn\u00e9, Szolnoki Elem\u00e9r <\/span><\/span><\/p>\n<p>&nbsp;<\/p>\n<p><span style=\"text-decoration: underline;\"><span style=\"font-size: large;\"><strong>2003.<\/strong><\/span><\/span><\/p>\n<p>&nbsp;<\/p>\n<p><span style=\"font-size: medium;\">Ker\u00e9kgy\u00e1rt\u00f3 Ferencc\u00e9, Serf\u0151z\u0151 Inge, Szilasi Andr\u00e1sn\u00e9<\/span><\/p>\n<p>&nbsp;<\/p>\n<h2><span style=\"font-size: large;\"> <strong><span style=\"text-decoration: underline;\">2004.<\/span><\/strong><\/span><\/h2>\n<p><span style=\"font-size: large;\"> <span style=\"font-size: medium;\">B\u00e9k\u00e9si R\u00f3bert, dr. Csongr\u00e1dy B\u00e9la, Nagy L\u00e1szl\u00f3n\u00e9<\/span><\/span><\/p>\n<p>&nbsp;<\/p>\n<h2><span style=\"font-size: large;\"><strong><span style=\"text-decoration: underline;\">2005.<\/span><\/strong><\/span><\/h2>\n<p><span style=\"font-size: medium;\">Bot\u00e1r B\u00e9la, Bicz\u00f3n\u00e9 Kov\u00e1cs Ildik\u00f3 &#8211; Kov\u00e1cs Bal\u00e1zs, Zahar B\u00e9la <\/span><\/p>\n<p>&nbsp;<\/p>\n<h2><span style=\"font-size: large;\"><strong><span style=\"text-decoration: underline;\">2006.<\/span><\/strong><\/span><\/h2>\n<p><span style=\"font-size: large;\"> <span style=\"font-size: medium;\">Cs. Sebesty\u00e9n K\u00e1lm\u00e1n, Feket\u00e9n\u00e9 S\u00f6r\u00f6s Erika, Mocs\u00e1ri Zolt\u00e1n <\/span><\/span><\/p>\n<p>&nbsp;<\/p>\n<h2><span style=\"font-size: large;\"><strong><span style=\"text-decoration: underline;\">2007.<\/span><\/strong><\/span><\/h2>\n<p><span style=\"font-size: medium;\">Salg\u00f3tarj\u00e1ni V\u00e1rosi Telev\u00edzi\u00f3, Bodn\u00e1r B\u00e9la, Gy\u00fcrki Ferenc, Stark K\u00e1rolyn\u00e9 <\/span><\/p>\n<p>&nbsp;<\/p>\n<h2><span style=\"font-size: large;\"><strong><span style=\"text-decoration: underline;\">2008.<\/span><\/strong><\/span><\/h2>\n<p><span style=\"font-size: medium;\">Bodn\u00e1r Benedek, Mufl\u00e1r Ferencn\u00e9, Turcs\u00e1nyi Attill\u00e1n\u00e9<\/span><\/p>\n<p><img decoding=\"async\" class=\"alignnone\" src=\"http:\/\/www.baglyasalja.hu\/baglyas\/wp-content\/gallery\/080524k\/0524k_20.JPG\" alt=\"\" width=\"600\"\/><\/p>\n<p>&nbsp;<\/p>\n<h2><span style=\"text-decoration: underline;\"><strong>2009.<\/strong><\/span><\/h2>\n<p>Bakonyai Istv\u00e1nnak, Juh\u00e1szn\u00e9 Kincses Hel\u00e9nnek,&nbsp;Turcs\u00e1nyi Attil\u00e1nak<\/p>\n<p><img decoding=\"async\" src=\"http:\/\/www.baglyasalja.hu\/baglyas\/wp-content\/gallery\/090530c\/090530c_006.jpg\" alt=\"Baglyasalj\u00e1\u00e9rt d\u00edj\"\/><\/p>\n<h2><span style=\"text-decoration: underline;\"><strong>2010.<\/strong><\/span><\/h2>\n<p>Tihanyin\u00e9 Kiss Ildik\u00f3,&nbsp;Ver\u00e9b Lajosn\u00e9,&nbsp;Horv\u00e1th Tam\u00e1s<\/p>\n<p><img decoding=\"async\" src=\"http:\/\/www.baglyasalja.hu\/baglyas\/wp-content\/gallery\/100523c\/100523c_39.jpg\" alt=\"Baglyasalja\"\/><\/p>\n<p>&nbsp;<\/p>\n<h2><span style=\"text-decoration: underline;\"><strong>2011.<\/strong><\/span><\/h2>\n<p>Sz\u00e9kyn\u00e9 dr. Sztr\u00e9mi Melinda Salg\u00f3tarj\u00e1n MJV polg\u00e1rmestere, &nbsp;dr. Bencze S\u00e1ndornak v\u00e1rosr\u00e9sz\u00fcnk h\u00e1ziorvosa, Halla J\u00f3zsef, &nbsp;Majoros J\u00e1nosn\u00e9<\/p>\n<p>\u201cBaglyasalj\u00e1\u00e9rt\u201d d\u00edjban r\u00e9szes\u00fclt &nbsp;a m\u00e1sf\u00e9l \u00e9vsz\u00e1zados m\u0171k\u00f6d\u00e9s ut\u00e1n megsz\u0171n\u0151 B\u00f3na Kov\u00e1cs K\u00e1roly iskola nevel\u0151test\u00fclete.<\/p>\n<p><img decoding=\"async\" src=\"http:\/\/www.baglyasalja.hu\/baglyas\/wp-content\/gallery\/110604b\/110604b_01.jpg\" alt=\"\"\/><\/p>\n<p style=\"margin-left: 10px; text-align: left;\" align=\"center\"><img decoding=\"async\" src=\"http:\/\/www.baglyasalja.hu\/baglyas\/wp-content\/gallery\/110604b\/110604b_09.jpg\" alt=\"\"\/><\/p>\n<h2><span style=\"text-decoration: underline;\"><strong>2012.<\/strong><\/span><\/h2>\n<h2 style=\"text-align: left;\"><strong>Budafoki J\u00f3zsef,<br \/>\n<\/strong><br \/>\n<strong> Csuka S\u00e1ndorn\u00e9,<br \/>\n<\/strong><br \/>\n<strong> Majoros J\u00e1nos.<\/strong><\/h2>\n<p><img loading=\"lazy\" decoding=\"async\" class=\"aligncenter\" src=\"http:\/\/www.baglyasalja.hu\/baglyas\/wp-content\/gallery\/120526C\/120526C_08.jpg\" alt=\"\" width=\"600\" height=\"400\"\/><\/p>\n<p>&nbsp;<\/p>\n<h2><span style=\"text-decoration: underline;\"><strong>2012.<\/strong><\/span><\/h2>\n<p><b>Homoga J\u00f3zsef<\/b>&nbsp;a N\u00f3gr\u00e1d Megyei Fot\u00f3klub Egyes\u00fclet eln\u00f6k<\/p>\n<p><img decoding=\"async\" src=\"http:\/\/www.baglyasalja.hu\/baglyas\/wp-content\/gallery\/130514\/130514_18.jpg\" alt=\"\"\/><\/p>\n<p><b>Korponai Tam\u00e1s<\/b><b>&nbsp;<\/b>a v\u00e1rosr\u00e9sz \u00f6nkorm\u00e1nyzati k\u00e9pvisel\u0151je<\/p>\n<p><img decoding=\"async\" src=\"http:\/\/www.baglyasalja.hu\/baglyas\/wp-content\/gallery\/130514\/130514_20.jpg\" alt=\"\"\/><\/p>\n<p><b>Shah<\/b>&nbsp;<b>Gabriella \u00e9s Shah Timor&nbsp;<\/b>\u00f6nk\u00e9ntes seg\u00edt\u0151k<\/p>\n<p><img decoding=\"async\" src=\"http:\/\/www.baglyasalja.hu\/baglyas\/wp-content\/gallery\/130514\/130514_22.jpg\" alt=\"\"\/><\/p>\n<p>&nbsp;<\/p>\n<hr size=\"3\"\/>\n<h2><span style=\"font-size: large;\">Salg\u00f3tarj\u00e1n megbecs\u00fcli azokat, akik v\u00e1ros\u00e9rt, a v\u00e1roslak\u00f3k\u00e9rt dolgoznak, elm\u00falt \u00e9vtizedben az al\u00e1bbi &#8211; baglyasalj\u00e1n lak\u00f3, vagy a v\u00e1rosr\u00e9szhez k\u00f6t\u0151d\u0151 &#8211; szem\u00e9lyis\u00e9gek r\u00e9szes\u00fcltek v\u00e1rosi ismer\u00e9sben.<\/span><\/h2>\n<h2><span style=\"text-decoration: underline;\"><strong>1999.<\/strong><\/span><\/h2>\n<p style=\"margin-left: 10px; text-align: left;\"><span style=\"font-size: medium;\"><em>Kult\u00far\u00e1\u00e9rt &#8211; d\u00edj<\/em><\/span><\/p>\n<p>&nbsp;<\/p>\n<p style=\"margin-left: 10px; text-align: left;\"><span style=\"font-size: medium;\">B\u00e1ti J\u00e1nosn\u00e9<\/span><\/p>\n<p>&nbsp;<\/p>\n<p style=\"margin-left: 10px; text-align: left;\"><span style=\"font-size: medium;\"><em>Salg\u00f3tarj\u00e1n K\u00f6zszolg\u00e1lat\u00e1\u00e9rt-d\u00edj<\/em><\/span><\/p>\n<p>&nbsp;<\/p>\n<p style=\"margin-left: 10px; text-align: left;\"><span style=\"font-size: medium;\">Iv\u00e1nyi J\u00e1nosn\u00e9<\/span><\/p>\n<p>&nbsp;<\/p>\n<p style=\"margin-left: 10px; text-align: left;\"><span style=\"font-size: medium;\"> <em>Pro Urbe kit\u00fcntet\u0151 eml\u00e9k\u00e9rem<\/em><\/span><\/p>\n<p>&nbsp;<\/p>\n<p style=\"margin-left: 10px; text-align: left;\"><span style=\"font-size: medium;\">dr. Csongr\u00e1dy B\u00e9la <\/span><\/p>\n<h2><span style=\"text-decoration: underline;\"><strong>2001<\/strong>.<\/span><\/h2>\n<p style=\"margin-left: 10px; text-align: left;\"><span style=\"font-size: medium;\"><em>Pro Arte m\u0171v\u00e9szeti-d\u00edj<\/em><\/span><\/p>\n<p>&nbsp;<\/p>\n<p style=\"margin-left: 10px; text-align: left;\"><span style=\"font-size: medium;\">Somosk\u0151i \u00d6d\u00f6n<\/span><\/p>\n<p>&nbsp;<\/p>\n<p style=\"margin-left: 10px; text-align: left;\"><span style=\"font-size: medium;\"><em>Salg\u00f3tarj\u00e1n Eg\u00e9szs\u00e9g\u00fcgy\u00e9\u00e9rt d\u00edj<\/em><\/span><\/p>\n<p>&nbsp;<\/p>\n<p style=\"margin-left: 10px; text-align: left;\"><span style=\"font-size: medium;\">Tam\u00e1si Gyula<\/span><\/p>\n<p>&nbsp;<\/p>\n<p style=\"margin-left: 10px; text-align: left;\"><span style=\"font-size: medium;\"><em>Salg\u00f3tarj\u00e1n Sportj\u00e1\u00e9rt d\u00edj<\/em><\/span><\/p>\n<p>&nbsp;<\/p>\n<p style=\"margin-left: 10px; text-align: left;\"><span style=\"font-size: medium;\">K\u00e1lovits G\u00e9za<\/span><\/p>\n<p>&nbsp;<\/p>\n<p style=\"margin-left: 10px; text-align: left;\"><span style=\"font-size: medium;\"><em>Salg\u00f3tarj\u00e1n Gyermekei\u00e9rt \u00e9s Ifj\u00fas\u00e1g\u00e1\u00e9rt-d\u00edj<\/em><\/span><\/p>\n<p>&nbsp;<\/p>\n<p style=\"margin-left: 10px; text-align: left;\"><span style=\"font-size: medium;\">Bot\u00e1r B\u00e9la <\/span><\/p>\n<h2><span style=\"text-decoration: underline;\"><strong>2002<\/strong><\/span>.<\/h2>\n<p style=\"margin-left: 10px; text-align: left;\"><span style=\"font-size: medium;\"><em>Pro Arte M\u0171v\u00e9szeti-d\u00edj<\/em><\/span><\/p>\n<p>&nbsp;<\/p>\n<p style=\"margin-left: 10px; text-align: left;\"><span style=\"font-size: medium;\">P\u00e1ndy Piroska <\/span><\/p>\n<h2><span style=\"text-decoration: underline;\"><strong>2003.<\/strong><\/span><\/h2>\n<p style=\"margin-left: 10px; text-align: left;\"><span style=\"font-size: medium;\"><em>Pro Urbe kit\u00fcntet\u0151 eml\u00e9k\u00e9rem<\/em><\/span><\/p>\n<p>&nbsp;<\/p>\n<p style=\"margin-left: 10px; text-align: left;\"><span style=\"font-size: medium;\">Sarl\u00f3 B\u00e9la <\/span><\/p>\n<h2><span style=\"text-decoration: underline;\"><strong>2004<\/strong><\/span>.<\/h2>\n<p style=\"margin-left: 10px; text-align: left;\"><span style=\"font-size: medium;\"><em>Salg\u00f3tarj\u00e1n D\u00edszpolg\u00e1ra<\/em><\/span><\/p>\n<p>&nbsp;<\/p>\n<p style=\"margin-left: 10px; text-align: left;\"><span style=\"font-size: medium;\">dr. Csongr\u00e1dy B\u00e9la<\/span><\/p>\n<p>&nbsp;<\/p>\n<p style=\"margin-left: 10px; text-align: left;\"><span style=\"font-size: medium;\"><em>Salg\u00f3tarj\u00e1n\u00e9rt Eml\u00e9k\u00e9rem<\/em><\/span><\/p>\n<p>&nbsp;<\/p>\n<p style=\"margin-left: 10px; text-align: left;\"><span style=\"font-size: medium;\">Szilasi Andr\u00e1s<\/span><\/p>\n<p>&nbsp;<\/p>\n<p style=\"margin-left: 10px; text-align: left;\"><span style=\"font-size: medium;\"> <em>Salg\u00f3tarj\u00e1n Gyermekei\u00e9rt \u00e9s lfj\u00fas\u00e1g\u00e1\u00e9rt-d\u00edj<\/em><\/span><\/p>\n<p>&nbsp;<\/p>\n<p style=\"margin-left: 10px; text-align: left;\"><span style=\"font-size: medium;\">Vir\u00e1g Mozgalom szervez\u0151 k\u00f6z\u00f6ss\u00e9ge (Par\u00f3czai P\u00e9ter, Cserh\u00e1ti J\u00f3zsef,&nbsp; Cserh\u00e1ti J\u00f3zsefn\u00e9, Bot\u00e1r B\u00e9la) <\/span><\/p>\n<h2><span style=\"text-decoration: underline;\"><span style=\"font-size: medium;\"><strong>2005.<\/strong><\/span><\/span><\/h2>\n<p style=\"margin-left: 10px; text-align: left;\"><span style=\"font-size: medium;\"><em>Pro Urbe kit\u00fcntet\u0151 eml\u00e9k\u00e9rem<\/em><\/span><\/p>\n<p>&nbsp;<\/p>\n<p style=\"margin-left: 10px; text-align: left;\"><span style=\"font-size: medium;\">Cserh\u00e1ti J\u00f3zsef<\/span><\/p>\n<h2><span style=\"text-decoration: underline;\"><strong>2006<\/strong>.<\/span><\/h2>\n<p style=\"margin-left: 10px; text-align: left;\"><span style=\"font-size: medium;\"><em>Pro Urbe kit\u00fcntet\u0151 eml\u00e9k\u00e9rem<\/em><\/span><\/p>\n<p>&nbsp;<\/p>\n<p style=\"margin-left: 10px; text-align: left;\"><span style=\"font-size: medium;\">Dr. Simonyi S\u00e1ndor<\/span><\/p>\n<p>&nbsp;<\/p>\n<p style=\"margin-left: 10px; text-align: left;\"><span style=\"font-size: medium;\"><em>Salg\u00f3tarj\u00e1n\u00e9rt eml\u00e9k\u00e9rem<\/em><\/span><\/p>\n<p>&nbsp;<\/p>\n<p style=\"margin-left: 10px; text-align: left;\"><span style=\"font-size: medium;\">Bencze P\u00e9ter<\/span><\/p>\n<p style=\"margin-left: 10px;\" align=\"center\"><img loading=\"lazy\" decoding=\"async\" src=\"http:\/\/baglyasalja.hu\/foto\/b057.jpg\" alt=\"\" width=\"450\" height=\"300\" border=\"0\"\/><\/p>\n","protected":false},"excerpt":{"rendered":"<p>&nbsp; 1996. m\u00e1jus 4 &#8211; \u00e9n 41 alap\u00edt\u00f3 taggal megalakult a bar\u00e1ti k\u00f6r. Az egyes\u00fclet alapszab\u00e1lya Az Egyes\u00fclet c\u00e9lja \u00e9s tev\u00e9kenys\u00e9ge: &#8211; Baglyasalja t\u00e1rsadalmi &#8211; els\u0151sorban b\u00e1ny\u00e1szt\u00f6rt\u00e9neti &#8211; hagyom\u00e1nyainak \u00e9s kult\u00far\u00e1lis \u00f6r\u00f6ks\u00e9g\u00e9nek, \u00e9rt\u00e9keinek felt\u00e1r\u00e1sa,&#46;&#46;&#46;<\/p>\n","protected":false},"author":1,"featured_media":0,"parent":0,"menu_order":0,"comment_status":"open","ping_status":"open","template":"","meta":{"footnotes":""},"class_list":["post-4","page","type-page","status-publish","hentry"],"_links":{"self":[{"href":"http:\/\/www.baglyasalja.hu\/baglyas\/index.php?rest_route=\/wp\/v2\/pages\/4","targetHints":{"allow":["GET"]}}],"collection":[{"href":"http:\/\/www.baglyasalja.hu\/baglyas\/index.php?rest_route=\/wp\/v2\/pages"}],"about":[{"href":"http:\/\/www.baglyasalja.hu\/baglyas\/index.php?rest_route=\/wp\/v2\/types\/page"}],"author":[{"embeddable":true,"href":"http:\/\/www.baglyasalja.hu\/baglyas\/index.php?rest_route=\/wp\/v2\/users\/1"}],"replies":[{"embeddable":true,"href":"http:\/\/www.baglyasalja.hu\/baglyas\/index.php?rest_route=%2Fwp%2Fv2%2Fcomments&post=4"}],"version-history":[{"count":0,"href":"http:\/\/www.baglyasalja.hu\/baglyas\/index.php?rest_route=\/wp\/v2\/pages\/4\/revisions"}],"wp:attachment":[{"href":"http:\/\/www.baglyasalja.hu\/baglyas\/index.php?rest_route=%2Fwp%2Fv2%2Fmedia&parent=4"}],"curies":[{"name":"wp","href":"https:\/\/api.w.org\/{rel}","templated":true}]}}