{"id":20,"date":"2008-04-24T15:20:17","date_gmt":"2008-04-24T13:20:17","guid":{"rendered":"http:\/\/baglyasalja.hu\/baglyas\/?page_id=26"},"modified":"2008-04-24T15:20:17","modified_gmt":"2008-04-24T13:20:17","slug":"ando-ferencne","status":"publish","type":"page","link":"http:\/\/www.baglyasalja.hu\/baglyas\/?page_id=20","title":{"rendered":"And\u00f3 Ferencn\u00e9"},"content":{"rendered":"<p class=\"MsoNormal\" style=\"margin-left: 15px; margin-right: 15px;\" align=\"center\"><a name=\"andof\"> <img loading=\"lazy\" decoding=\"async\" src=\"..\/..\/web\/tortenet_elemei\/foto\/emb20.jpg\" border=\"0\" alt=\"\" width=\"450\" height=\"336\" \/><\/a><\/p>\n<p>\u201e A sz\u00f6vetkezettel szemben egy h\u00fas\u00fczlet m\u0171k\u00f6d\u00f6tt. H\u00fast m\u00e9rtek Kromek\u00e9k, Herczeg\u00e9k, meg Mikulik Guszti b\u00e1csi is. Cip\u00e9szmester is t\u00f6bb volt Baglyason. Az \u00f6reg Kazareczki a Szalatovics G\u00e9za \u00fczlete mellett, egy kis h\u00e1zban dolgozott, T\u00f3th Feri a Paraszti udvarban. Az \u00f6reg Ra\u00e1b a Szalatovics G\u00e9za boltja m\u00f6g\u00f6tt, bent az udvarban, fia pedig lent, a S\u00f6r\u00f6s vend\u00e9gl\u0151 m\u00f6g\u00f6tt, ott ahol lakott.<\/p>\n<p>Az \u00e9let\u00fcnk 1945-ben nagyon megv\u00e1ltozott. Volt ami jobb lett, de olyan is, amivel szeg\u00e9nyebbek lett\u00fcnk. Vel\u00fcnk szemben volt a b\u00e1ny\u00e1nak egy k\u00f3rh\u00e1za. Sok b\u00e1ny\u00e1sz eg\u00e9szs\u00e9g\u00e9t adt\u00e1k itt vissza. A f\u0151orvos Szkics\u00e1k Ferenc volt, k\u00e9s\u0151bb Mosonyi L\u00e1szl\u00f3 \u00e1llt a hely\u00e9re. A h\u00e1bor\u00fa idej\u00e9n elvitt\u00e9k, de visszaj\u00f6tt. Budapesten egy nagy k\u00f3rh\u00e1z professzora lett. Sokan kerest\u00e9k meg innen Baglyasr\u00f3l is, akik bajbajutottak. Azt mes\u00e9lik, \u00fagy gy\u00f3gy\u00edtotta \u0151ket, hogy m\u00e9g p\u00e9nzt sem fogadott el. Ismertem a n\u0151v\u00e9reket is a k\u00f3rh\u00e1zban, meg a szak\u00e1csn\u0151t is, Strichirs Mariska n\u00e9nit. Volt neki egy fia, akib\u0151l pap lett. A s\u00f3gorn\u0151m P\u00e1ncz\u00e9l Ferencn\u00e9 is itt volt n\u0151v\u00e9r. Amikor f\u00e9rjhez ment, elk\u00f6lt\u00f6z\u00f6tt Mizserf\u00e1ra, mert ott is volt a b\u00e1ny\u00e1nak k\u00f3rh\u00e1za.<\/p>\n<p>A k\u00f3rh\u00e1zban voltak n\u0151i betegek is. De sz\u00fclni otthon maradtak az asszonyok. H\u00e1rom b\u00e1baasszonya is volt a falunak. And\u00f3 g. M\u00e1ty\u00e1sn\u00e9 m\u00e1r id\u0151s asszony volt. And\u00f3 B\u00f6ske n\u00e9ni, meg T\u00f3th S\u00e1ndorn\u00e9, Juliska n\u00e9ni j\u00f3l birt\u00e1k magukat. Amikor a bab\u00e1t keresztelt\u00e9k, nagy poszrikot csaptak, akiknek m\u00f3djukban \u00e1llt. A keresztsz\u00fcl\u0151k, a rokonok mell\u0151l nem hi\u00e1nyozhatott a g\u00f3lyan\u00e9ni sem. Mentek is szivesen. Mert valahogy egy kicsit \u0151k is maguk\u00e9nak tartott\u00e1k azt a gyerekeket, akit a vil\u00e1gra seg\u00edtettek.<\/p>\n<p>A k\u00f3rh\u00e1z t\u00f6nkrement a h\u00e1bor\u00fa alatt. A n\u00e9metek lovakat hajtottak bele. Eml\u00e9kszem oda sz\u00e1ll\u00e1soltak be az Erd\u00e9lyb\u0151l j\u00f6tt katon\u00e1k is. Ott volt a nagy v\u00f6r\u00f6skeresztes aut\u00f3 az udvaron. Voltak katon\u00e1k, akiket h\u00e1zakn\u00e1l helyeztek el. N\u00e1lunk is volt hat szanit\u00e9c, k\u00e9t n\u0151 \u00e9s n\u00e9gy f\u00e9r\u00adfi. A h\u00e1bor\u00fa ut\u00e1n a k\u00f3rh\u00e1zat rendbetett\u00e9k ahogy tudt\u00e1k. Lak\u00e1sokat csin\u00e1ltak bel\u0151le. Azok k\u00f6lt\u00f6ztek oda, akik m\u00e1s\u00fctt nem h\u00fazhatt\u00e1k meg magukat. Az\u00f3ta is lakj\u00e1k, de akik megvett\u00e9k, azok m\u00e1r k\u00e9nyelmesebb\u00e9, lakhat\u00f3bb\u00e1 tett\u00e9k.\u201d<\/p>\n<p class=\"MsoNormal\" style=\"margin-left: 15px; margin-right: 15px;\" align=\"center\"><a href=\"http:\/\/baglyasalja.hu\/baglyas\/?page_id=24\">VISSZA<\/a><\/p>\n","protected":false},"excerpt":{"rendered":"<p>\u201e A sz\u00f6vetkezettel szemben egy h\u00fas\u00fczlet m\u0171k\u00f6d\u00f6tt. H\u00fast m\u00e9rtek Kromek\u00e9k, Herczeg\u00e9k, meg Mikulik Guszti b\u00e1csi is. Cip\u00e9szmester is t\u00f6bb volt Baglyason. Az \u00f6reg Kazareczki a Szalatovics G\u00e9za \u00fczlete mellett, egy kis h\u00e1zban dolgozott, T\u00f3th&#46;&#46;&#46;<\/p>\n","protected":false},"author":1,"featured_media":0,"parent":18,"menu_order":2,"comment_status":"open","ping_status":"open","template":"","meta":{"footnotes":""},"class_list":["post-20","page","type-page","status-publish","hentry"],"_links":{"self":[{"href":"http:\/\/www.baglyasalja.hu\/baglyas\/index.php?rest_route=\/wp\/v2\/pages\/20","targetHints":{"allow":["GET"]}}],"collection":[{"href":"http:\/\/www.baglyasalja.hu\/baglyas\/index.php?rest_route=\/wp\/v2\/pages"}],"about":[{"href":"http:\/\/www.baglyasalja.hu\/baglyas\/index.php?rest_route=\/wp\/v2\/types\/page"}],"author":[{"embeddable":true,"href":"http:\/\/www.baglyasalja.hu\/baglyas\/index.php?rest_route=\/wp\/v2\/users\/1"}],"replies":[{"embeddable":true,"href":"http:\/\/www.baglyasalja.hu\/baglyas\/index.php?rest_route=%2Fwp%2Fv2%2Fcomments&post=20"}],"version-history":[{"count":0,"href":"http:\/\/www.baglyasalja.hu\/baglyas\/index.php?rest_route=\/wp\/v2\/pages\/20\/revisions"}],"up":[{"embeddable":true,"href":"http:\/\/www.baglyasalja.hu\/baglyas\/index.php?rest_route=\/wp\/v2\/pages\/18"}],"wp:attachment":[{"href":"http:\/\/www.baglyasalja.hu\/baglyas\/index.php?rest_route=%2Fwp%2Fv2%2Fmedia&parent=20"}],"curies":[{"name":"wp","href":"https:\/\/api.w.org\/{rel}","templated":true}]}}